{"id":4104,"date":"2023-10-06T12:52:30","date_gmt":"2023-10-06T10:52:30","guid":{"rendered":"https:\/\/www.torreviejagastronomica.com\/?page_id=4104"},"modified":"2025-08-06T16:10:43","modified_gmt":"2025-08-06T14:10:43","slug":"gastrovegabaja-2023","status":"publish","type":"page","link":"https:\/\/www.torreviejagastronomica.com\/es\/gastrovegabaja-2023\/","title":{"rendered":"Gastrovegabaja"},"content":{"rendered":"\t\t<div data-elementor-type=\"wp-page\" data-elementor-id=\"4104\" class=\"elementor elementor-4104\" data-elementor-post-type=\"page\">\n\t\t\t\t\t\t<section class=\"elementor-section elementor-top-section elementor-element elementor-element-2c4ef04 elementor-section-full_width elementor-section-height-min-height elementor-section-height-default elementor-section-items-middle\" data-id=\"2c4ef04\" data-element_type=\"section\" data-e-type=\"section\" data-settings=\"{&quot;background_background&quot;:&quot;classic&quot;}\">\n\t\t\t\t\t\t<div class=\"elementor-container elementor-column-gap-default\">\n\t\t\t\t\t<div class=\"elementor-column elementor-col-100 elementor-top-column elementor-element elementor-element-0d68648\" data-id=\"0d68648\" data-element_type=\"column\" data-e-type=\"column\">\n\t\t\t<div class=\"elementor-widget-wrap elementor-element-populated\">\n\t\t\t\t\t\t<div class=\"elementor-element elementor-element-7a34fa6 animated-slow elementor-invisible elementor-widget elementor-widget-image\" data-id=\"7a34fa6\" data-element_type=\"widget\" data-e-type=\"widget\" data-settings=\"{&quot;_animation&quot;:&quot;fadeInDown&quot;}\" data-widget_type=\"image.default\">\n\t\t\t\t<div class=\"elementor-widget-container\">\n\t\t\t\t\t\t\t\t\t\t\t\t\t\t\t<img fetchpriority=\"high\" width=\"1410\" height=\"811\" src=\"https:\/\/www.torreviejagastronomica.com\/wp-content\/uploads\/2023\/10\/gastro-logo-blanco.png\" class=\"attachment-full size-full wp-image-4220\" alt=\"\" decoding=\"async\" srcset=\"https:\/\/www.torreviejagastronomica.com\/wp-content\/uploads\/2023\/10\/gastro-logo-blanco.png 1410w, https:\/\/www.torreviejagastronomica.com\/wp-content\/uploads\/2023\/10\/gastro-logo-blanco-300x173.png 300w, https:\/\/www.torreviejagastronomica.com\/wp-content\/uploads\/2023\/10\/gastro-logo-blanco-1024x589.png 1024w, https:\/\/www.torreviejagastronomica.com\/wp-content\/uploads\/2023\/10\/gastro-logo-blanco-768x442.png 768w\" sizes=\"(max-width: 1410px) 100vw, 1410px\" \/>\t\t\t\t\t\t\t\t\t\t\t\t\t\t\t<\/div>\n\t\t\t\t<\/div>\n\t\t\t\t<div class=\"elementor-element elementor-element-8ef38b6 elementor-widget elementor-widget-jkit_animated_text\" data-id=\"8ef38b6\" data-element_type=\"widget\" data-e-type=\"widget\" data-widget_type=\"jkit_animated_text.default\">\n\t\t\t\t<div class=\"elementor-widget-container\">\n\t\t\t\t\t<div  class=\"jeg-elementor-kit jkit-animated-text jeg_module___69f2e8000daa0\"  data-style=\"rotating\" data-text=\"VIII FESTIVAL GASTROCULTURAL DE LA VEGA BAJA\" data-rotate=\"typing\" data-delay=\"2500\" data-letter-speed=\"350\" data-delay-delete=\"500\"><p class=\"animated-text\"><span class=\"normal-text style-color\"><\/span><span class=\"dynamic-wrapper style-color\"><span class=\"dynamic-text\"><span class=\"dynamic-text-letter\">V<\/span><span class=\"dynamic-text-letter\">I<\/span><span class=\"dynamic-text-letter\">I<\/span><span class=\"dynamic-text-letter\">I<\/span><span class=\"dynamic-text-letter\"> <\/span><span class=\"dynamic-text-letter\">F<\/span><span class=\"dynamic-text-letter\">E<\/span><span class=\"dynamic-text-letter\">S<\/span><span class=\"dynamic-text-letter\">T<\/span><span class=\"dynamic-text-letter\">I<\/span><span class=\"dynamic-text-letter\">V<\/span><span class=\"dynamic-text-letter\">A<\/span><span class=\"dynamic-text-letter\">L<\/span><span class=\"dynamic-text-letter\"> <\/span><span class=\"dynamic-text-letter\">G<\/span><span class=\"dynamic-text-letter\">A<\/span><span class=\"dynamic-text-letter\">S<\/span><span class=\"dynamic-text-letter\">T<\/span><span class=\"dynamic-text-letter\">R<\/span><span class=\"dynamic-text-letter\">O<\/span><span class=\"dynamic-text-letter\">C<\/span><span class=\"dynamic-text-letter\">U<\/span><span class=\"dynamic-text-letter\">L<\/span><span class=\"dynamic-text-letter\">T<\/span><span class=\"dynamic-text-letter\">U<\/span><span class=\"dynamic-text-letter\">R<\/span><span class=\"dynamic-text-letter\">A<\/span><span class=\"dynamic-text-letter\">L<\/span><span class=\"dynamic-text-letter\"> <\/span><span class=\"dynamic-text-letter\">D<\/span><span class=\"dynamic-text-letter\">E<\/span><span class=\"dynamic-text-letter\"> <\/span><span class=\"dynamic-text-letter\">L<\/span><span class=\"dynamic-text-letter\">A<\/span><span class=\"dynamic-text-letter\"> <\/span><span class=\"dynamic-text-letter\">V<\/span><span class=\"dynamic-text-letter\">E<\/span><span class=\"dynamic-text-letter\">G<\/span><span class=\"dynamic-text-letter\">A<\/span><span class=\"dynamic-text-letter\"> <\/span><span class=\"dynamic-text-letter\">B<\/span><span class=\"dynamic-text-letter\">A<\/span><span class=\"dynamic-text-letter\">J<\/span><span class=\"dynamic-text-letter\">A<\/span><\/span><\/span><span class=\"normal-text style-color\"><\/span><\/p><\/div>\t\t\t\t<\/div>\n\t\t\t\t<\/div>\n\t\t\t\t<div class=\"elementor-element elementor-element-2cef561 elementor-align-center elementor-widget elementor-widget-button\" data-id=\"2cef561\" data-element_type=\"widget\" data-e-type=\"widget\" data-widget_type=\"button.default\">\n\t\t\t\t<div class=\"elementor-widget-container\">\n\t\t\t\t\t\t\t\t\t<div class=\"elementor-button-wrapper\">\n\t\t\t\t\t<a class=\"elementor-button elementor-button-link elementor-size-sm\" href=\"https:\/\/www.torreviejagastronomica.com\/wp-content\/uploads\/2023\/10\/programacion-gastrovegabaja-ok.pdf\" target=\"_blank\">\n\t\t\t\t\t\t<span class=\"elementor-button-content-wrapper\">\n\t\t\t\t\t\t<span class=\"elementor-button-icon\">\n\t\t\t\t<i aria-hidden=\"true\" class=\"fas fa-download\"><\/i>\t\t\t<\/span>\n\t\t\t\t\t\t\t\t\t<span class=\"elementor-button-text\">Descarga la programaci\u00f3n<\/span>\n\t\t\t\t\t<\/span>\n\t\t\t\t\t<\/a>\n\t\t\t\t<\/div>\n\t\t\t\t\t\t\t\t<\/div>\n\t\t\t\t<\/div>\n\t\t\t\t\t<\/div>\n\t\t<\/div>\n\t\t\t\t\t<\/div>\n\t\t<\/section>\n\t\t\t\t<section class=\"elementor-section elementor-top-section elementor-element elementor-element-a1ed9ba elementor-section-full_width elementor-section-height-default elementor-section-height-default\" data-id=\"a1ed9ba\" data-element_type=\"section\" data-e-type=\"section\" data-settings=\"{&quot;background_background&quot;:&quot;classic&quot;}\">\n\t\t\t\t\t\t<div class=\"elementor-container elementor-column-gap-default\">\n\t\t\t\t\t<div class=\"elementor-column elementor-col-100 elementor-top-column elementor-element elementor-element-4d5a458\" data-id=\"4d5a458\" data-element_type=\"column\" data-e-type=\"column\">\n\t\t\t<div class=\"elementor-widget-wrap elementor-element-populated\">\n\t\t\t\t\t\t<div class=\"elementor-element elementor-element-e855813 elementor-widget elementor-widget-jkit_animated_text\" data-id=\"e855813\" data-element_type=\"widget\" data-e-type=\"widget\" data-widget_type=\"jkit_animated_text.default\">\n\t\t\t\t<div class=\"elementor-widget-container\">\n\t\t\t\t\t<div  class=\"jeg-elementor-kit jkit-animated-text jeg_module__1_69f2e8000e44d\"  data-style=\"rotating\" data-text=\"Show Cooking,Catas,Animaci\u00f3n musical,Actividades para ni\u00f1os\" data-rotate=\"drop-in\" data-delay=\"2500\"><p class=\"animated-text\"><span class=\"normal-text style-color\"><\/span><span class=\"dynamic-wrapper style-gradient\"><span class=\"dynamic-text\">Show Cooking<\/span><span class=\"dynamic-text\">Catas<\/span><span class=\"dynamic-text\">Animaci\u00f3n musical<\/span><span class=\"dynamic-text\">Actividades para ni\u00f1os<\/span><\/span><span class=\"normal-text style-color\"><\/span><\/p><\/div>\t\t\t\t<\/div>\n\t\t\t\t<\/div>\n\t\t\t\t\t<\/div>\n\t\t<\/div>\n\t\t\t\t\t<\/div>\n\t\t<\/section>\n\t\t\t\t<section class=\"elementor-section elementor-top-section elementor-element elementor-element-9423406 elementor-section-full_width elementor-section-content-middle elementor-section-height-default elementor-section-height-default\" data-id=\"9423406\" data-element_type=\"section\" data-e-type=\"section\">\n\t\t\t\t\t\t<div class=\"elementor-container elementor-column-gap-default\">\n\t\t\t\t\t<div class=\"elementor-column elementor-col-50 elementor-top-column elementor-element elementor-element-70bb9d1 animated-slow elementor-invisible\" data-id=\"70bb9d1\" data-element_type=\"column\" data-e-type=\"column\" data-settings=\"{&quot;animation&quot;:&quot;fadeInLeft&quot;}\">\n\t\t\t<div class=\"elementor-widget-wrap elementor-element-populated\">\n\t\t\t\t\t\t<div class=\"elementor-element elementor-element-5de43be elementor-widget elementor-widget-image\" data-id=\"5de43be\" data-element_type=\"widget\" data-e-type=\"widget\" data-widget_type=\"image.default\">\n\t\t\t\t<div class=\"elementor-widget-container\">\n\t\t\t\t\t\t\t\t\t\t\t\t\t\t\t<img width=\"842\" height=\"1191\" src=\"https:\/\/www.torreviejagastronomica.com\/wp-content\/uploads\/2023\/10\/poster-gastrovegabaja-2023.jpg\" class=\"attachment-full size-full wp-image-4215\" alt=\"\" decoding=\"async\" srcset=\"https:\/\/www.torreviejagastronomica.com\/wp-content\/uploads\/2023\/10\/poster-gastrovegabaja-2023.jpg 842w, https:\/\/www.torreviejagastronomica.com\/wp-content\/uploads\/2023\/10\/poster-gastrovegabaja-2023-212x300.jpg 212w, https:\/\/www.torreviejagastronomica.com\/wp-content\/uploads\/2023\/10\/poster-gastrovegabaja-2023-724x1024.jpg 724w, https:\/\/www.torreviejagastronomica.com\/wp-content\/uploads\/2023\/10\/poster-gastrovegabaja-2023-768x1086.jpg 768w\" sizes=\"(max-width: 842px) 100vw, 842px\" \/>\t\t\t\t\t\t\t\t\t\t\t\t\t\t\t<\/div>\n\t\t\t\t<\/div>\n\t\t\t\t\t<\/div>\n\t\t<\/div>\n\t\t\t\t<div class=\"elementor-column elementor-col-50 elementor-top-column elementor-element elementor-element-078ef8a animated-slow elementor-invisible\" data-id=\"078ef8a\" data-element_type=\"column\" data-e-type=\"column\" data-settings=\"{&quot;animation&quot;:&quot;fadeInLeft&quot;}\">\n\t\t\t<div class=\"elementor-widget-wrap elementor-element-populated\">\n\t\t\t\t\t\t<div class=\"elementor-element elementor-element-2563cf6 elementor-widget__width-initial elementor-widget elementor-widget-text-editor\" data-id=\"2563cf6\" data-element_type=\"widget\" data-e-type=\"widget\" data-widget_type=\"text-editor.default\">\n\t\t\t\t<div class=\"elementor-widget-container\">\n\t\t\t\t\t\t\t\t\t<p>Gracias al esfuerzo y el trabajo de todas las partes implicadas en la organizaci\u00f3n de las siete ediciones anteriores de Gastrovegabaja estamos consiguiendo convertir este Festival en un referente dentro del mundo de la gastronom\u00eda no solo en la provincia de Alicante o en la Comunidad Valenciana, sino en todo el territorio espa\u00f1ol.<\/p><p>Desde la Asociaci\u00f3n de empresarios de Hosteler\u00eda de Torrevieja y Comarca estamos muy orgullosos de todo lo que estamos empezando a conseguir gracias a nuestra ilusi\u00f3n, nuestro esfuerzo, y sobre todo gracias a la confianza de todas aquellas personas e instituciones que desde el primer momento han cre\u00eddo en nosotros y nos han apoyado.<\/p>\t\t\t\t\t\t\t\t<\/div>\n\t\t\t\t<\/div>\n\t\t\t\t<div class=\"elementor-element elementor-element-fd67eb2 elementor-widget elementor-widget-heading\" data-id=\"fd67eb2\" data-element_type=\"widget\" data-e-type=\"widget\" data-widget_type=\"heading.default\">\n\t\t\t\t<div class=\"elementor-widget-container\">\n\t\t\t\t\t<h2 class=\"elementor-heading-title elementor-size-default\">Gastrovegabaja<\/h2>\t\t\t\t<\/div>\n\t\t\t\t<\/div>\n\t\t\t\t<section class=\"elementor-section elementor-inner-section elementor-element elementor-element-210fcb5 elementor-section-boxed elementor-section-height-default elementor-section-height-default\" data-id=\"210fcb5\" data-element_type=\"section\" data-e-type=\"section\">\n\t\t\t\t\t\t<div class=\"elementor-container elementor-column-gap-default\">\n\t\t\t\t\t<div class=\"elementor-column elementor-col-50 elementor-inner-column elementor-element elementor-element-e4c11c6\" data-id=\"e4c11c6\" data-element_type=\"column\" data-e-type=\"column\">\n\t\t\t<div class=\"elementor-widget-wrap elementor-element-populated\">\n\t\t\t\t\t\t<div class=\"elementor-element elementor-element-e8f4fb8 elementor-widget elementor-widget-heading\" data-id=\"e8f4fb8\" data-element_type=\"widget\" data-e-type=\"widget\" data-widget_type=\"heading.default\">\n\t\t\t\t<div class=\"elementor-widget-container\">\n\t\t\t\t\t<h4 class=\"elementor-heading-title elementor-size-default\">Restaurantes de la vega baja:<\/h4>\t\t\t\t<\/div>\n\t\t\t\t<\/div>\n\t\t\t\t<div class=\"elementor-element elementor-element-340bf73 elementor-mobile-align-start elementor-icon-list--layout-traditional elementor-list-item-link-full_width elementor-widget elementor-widget-icon-list\" data-id=\"340bf73\" data-element_type=\"widget\" data-e-type=\"widget\" data-widget_type=\"icon-list.default\">\n\t\t\t\t<div class=\"elementor-widget-container\">\n\t\t\t\t\t\t\t<ul class=\"elementor-icon-list-items\">\n\t\t\t\t\t\t\t<li class=\"elementor-icon-list-item\">\n\t\t\t\t\t\t\t\t\t\t\t<a href=\"https:\/\/www.google.com\/maps\/dir\/\/restaurante+los+infantes+almorad%C3%AD\/data=!4m6!4m5!1m1!4e2!1m2!1m1!1s0xd63a453fb677f7b:0x57083aef4abd8d4b?sa=X&#038;ved=2ahUKEwjJ9NGl0eOBAxUEUKQEHVyOAoUQ9Rd6BAg2EAA&#038;ved=2ahUKEwjJ9NGl0eOBAxUEUKQEHVyOAoUQ9Rd6BAhUEAU\" target=\"_blank\">\n\n\t\t\t\t\t\t\t\t\t\t\t\t<span class=\"elementor-icon-list-icon\">\n\t\t\t\t\t\t\t<i aria-hidden=\"true\" class=\"fas fa-map-pin\"><\/i>\t\t\t\t\t\t<\/span>\n\t\t\t\t\t\t\t\t\t\t<span class=\"elementor-icon-list-text\">Restaurante Los Infantes - Almorad\u00ed<\/span>\n\t\t\t\t\t\t\t\t\t\t\t<\/a>\n\t\t\t\t\t\t\t\t\t<\/li>\n\t\t\t\t\t\t\t\t<li class=\"elementor-icon-list-item\">\n\t\t\t\t\t\t\t\t\t\t\t<a href=\"https:\/\/abrasador.com\/restaurantes\/abrasador-niagaras\/\" target=\"_blank\">\n\n\t\t\t\t\t\t\t\t\t\t\t\t<span class=\"elementor-icon-list-icon\">\n\t\t\t\t\t\t\t<i aria-hidden=\"true\" class=\"fas fa-map-pin\"><\/i>\t\t\t\t\t\t<\/span>\n\t\t\t\t\t\t\t\t\t\t<span class=\"elementor-icon-list-text\">Restaurante Niagara - Callosa de Segura<\/span>\n\t\t\t\t\t\t\t\t\t\t\t<\/a>\n\t\t\t\t\t\t\t\t\t<\/li>\n\t\t\t\t\t\t\t\t<li class=\"elementor-icon-list-item\">\n\t\t\t\t\t\t\t\t\t\t\t<a href=\"https:\/\/www.lebleurestaurante.es\/\" target=\"_blank\">\n\n\t\t\t\t\t\t\t\t\t\t\t\t<span class=\"elementor-icon-list-icon\">\n\t\t\t\t\t\t\t<i aria-hidden=\"true\" class=\"fas fa-map-pin\"><\/i>\t\t\t\t\t\t<\/span>\n\t\t\t\t\t\t\t\t\t\t<span class=\"elementor-icon-list-text\">Restaurante Le Bleu - Guardamar de Segura<\/span>\n\t\t\t\t\t\t\t\t\t\t\t<\/a>\n\t\t\t\t\t\t\t\t\t<\/li>\n\t\t\t\t\t\t\t\t<li class=\"elementor-icon-list-item\">\n\t\t\t\t\t\t\t\t\t\t\t<a href=\"https:\/\/lagaleriadelamirada.com\/\" target=\"_blank\">\n\n\t\t\t\t\t\t\t\t\t\t\t\t<span class=\"elementor-icon-list-icon\">\n\t\t\t\t\t\t\t<i aria-hidden=\"true\" class=\"fas fa-map-pin\"><\/i>\t\t\t\t\t\t<\/span>\n\t\t\t\t\t\t\t\t\t\t<span class=\"elementor-icon-list-text\">Restaurante La Galer\u00eda de la Mirada - Orihuela<\/span>\n\t\t\t\t\t\t\t\t\t\t\t<\/a>\n\t\t\t\t\t\t\t\t\t<\/li>\n\t\t\t\t\t\t\t\t<li class=\"elementor-icon-list-item\">\n\t\t\t\t\t\t\t\t\t\t\t<a href=\"https:\/\/restaurante-botanico.com\/\" target=\"_blank\">\n\n\t\t\t\t\t\t\t\t\t\t\t\t<span class=\"elementor-icon-list-icon\">\n\t\t\t\t\t\t\t<i aria-hidden=\"true\" class=\"fas fa-map-pin\"><\/i>\t\t\t\t\t\t<\/span>\n\t\t\t\t\t\t\t\t\t\t<span class=\"elementor-icon-list-text\">Restaurante Bot\u00e1nico, Hotel la Laguna - Rojales<\/span>\n\t\t\t\t\t\t\t\t\t\t\t<\/a>\n\t\t\t\t\t\t\t\t\t<\/li>\n\t\t\t\t\t\t\t\t<li class=\"elementor-icon-list-item\">\n\t\t\t\t\t\t\t\t\t\t\t<a href=\"https:\/\/www.google.com\/maps\/place\/TAPERIA+AVENIDA\/@38.1160891,-0.7154975,15.61z\/data=!4m6!3m5!1s0xd63afb2bca81407:0x9bece54b02857f0c!8m2!3d38.1145058!4d-0.7162966!16s%2Fg%2F11f1ys6f4b?entry=ttu\" target=\"_blank\">\n\n\t\t\t\t\t\t\t\t\t\t\t\t<span class=\"elementor-icon-list-icon\">\n\t\t\t\t\t\t\t<i aria-hidden=\"true\" class=\"fas fa-map-pin\"><\/i>\t\t\t\t\t\t<\/span>\n\t\t\t\t\t\t\t\t\t\t<span class=\"elementor-icon-list-text\">Bar Taper\u00eda Avenida - San Fulgencio<\/span>\n\t\t\t\t\t\t\t\t\t\t\t<\/a>\n\t\t\t\t\t\t\t\t\t<\/li>\n\t\t\t\t\t\t<\/ul>\n\t\t\t\t\t\t<\/div>\n\t\t\t\t<\/div>\n\t\t\t\t\t<\/div>\n\t\t<\/div>\n\t\t\t\t<div class=\"elementor-column elementor-col-50 elementor-inner-column elementor-element elementor-element-8600749\" data-id=\"8600749\" data-element_type=\"column\" data-e-type=\"column\">\n\t\t\t<div class=\"elementor-widget-wrap elementor-element-populated\">\n\t\t\t\t\t\t<div class=\"elementor-element elementor-element-145c61e elementor-widget elementor-widget-heading\" data-id=\"145c61e\" data-element_type=\"widget\" data-e-type=\"widget\" data-widget_type=\"heading.default\">\n\t\t\t\t<div class=\"elementor-widget-container\">\n\t\t\t\t\t<h4 class=\"elementor-heading-title elementor-size-default\">Restaurantes de torrevieja:<\/h4>\t\t\t\t<\/div>\n\t\t\t\t<\/div>\n\t\t\t\t<div class=\"elementor-element elementor-element-7e82309 elementor-mobile-align-start elementor-icon-list--layout-traditional elementor-list-item-link-full_width elementor-widget elementor-widget-icon-list\" data-id=\"7e82309\" data-element_type=\"widget\" data-e-type=\"widget\" data-widget_type=\"icon-list.default\">\n\t\t\t\t<div class=\"elementor-widget-container\">\n\t\t\t\t\t\t\t<ul class=\"elementor-icon-list-items\">\n\t\t\t\t\t\t\t<li class=\"elementor-icon-list-item\">\n\t\t\t\t\t\t\t\t\t\t\t<a href=\"https:\/\/grupovelabeach.com\/\" target=\"_blank\">\n\n\t\t\t\t\t\t\t\t\t\t\t\t<span class=\"elementor-icon-list-icon\">\n\t\t\t\t\t\t\t<i aria-hidden=\"true\" class=\"fas fa-map-pin\"><\/i>\t\t\t\t\t\t<\/span>\n\t\t\t\t\t\t\t\t\t\t<span class=\"elementor-icon-list-text\">Grupo Vela Beach<\/span>\n\t\t\t\t\t\t\t\t\t\t\t<\/a>\n\t\t\t\t\t\t\t\t\t<\/li>\n\t\t\t\t\t\t\t\t<li class=\"elementor-icon-list-item\">\n\t\t\t\t\t\t\t\t\t\t\t<a href=\"https:\/\/restaurantehbtorrevieja.com\/\" target=\"_blank\">\n\n\t\t\t\t\t\t\t\t\t\t\t\t<span class=\"elementor-icon-list-icon\">\n\t\t\t\t\t\t\t<i aria-hidden=\"true\" class=\"fas fa-map-pin\"><\/i>\t\t\t\t\t\t<\/span>\n\t\t\t\t\t\t\t\t\t\t<span class=\"elementor-icon-list-text\">Restaurante HB Torrevieja<\/span>\n\t\t\t\t\t\t\t\t\t\t\t<\/a>\n\t\t\t\t\t\t\t\t\t<\/li>\n\t\t\t\t\t\t\t\t<li class=\"elementor-icon-list-item\">\n\t\t\t\t\t\t\t\t\t\t\t<a href=\"https:\/\/www.ikuragastrobar.com\/es\" target=\"_blank\">\n\n\t\t\t\t\t\t\t\t\t\t\t\t<span class=\"elementor-icon-list-icon\">\n\t\t\t\t\t\t\t<i aria-hidden=\"true\" class=\"fas fa-map-pin\"><\/i>\t\t\t\t\t\t<\/span>\n\t\t\t\t\t\t\t\t\t\t<span class=\"elementor-icon-list-text\">Ikura Gastrobar<\/span>\n\t\t\t\t\t\t\t\t\t\t\t<\/a>\n\t\t\t\t\t\t\t\t\t<\/li>\n\t\t\t\t\t\t\t\t<li class=\"elementor-icon-list-item\">\n\t\t\t\t\t\t\t\t\t\t\t<a href=\"https:\/\/restaurantelascolumnas.com\" target=\"_blank\">\n\n\t\t\t\t\t\t\t\t\t\t\t\t<span class=\"elementor-icon-list-icon\">\n\t\t\t\t\t\t\t<i aria-hidden=\"true\" class=\"fas fa-map-pin\"><\/i>\t\t\t\t\t\t<\/span>\n\t\t\t\t\t\t\t\t\t\t<span class=\"elementor-icon-list-text\">Restaurante las Columnas<\/span>\n\t\t\t\t\t\t\t\t\t\t\t<\/a>\n\t\t\t\t\t\t\t\t\t<\/li>\n\t\t\t\t\t\t\t\t<li class=\"elementor-icon-list-item\">\n\t\t\t\t\t\t\t\t\t\t\t<a href=\"https:\/\/www.ladespensasalmantina.org\/\" target=\"_blank\">\n\n\t\t\t\t\t\t\t\t\t\t\t\t<span class=\"elementor-icon-list-icon\">\n\t\t\t\t\t\t\t<i aria-hidden=\"true\" class=\"fas fa-map-pin\"><\/i>\t\t\t\t\t\t<\/span>\n\t\t\t\t\t\t\t\t\t\t<span class=\"elementor-icon-list-text\">La Despensa Salmantina<\/span>\n\t\t\t\t\t\t\t\t\t\t\t<\/a>\n\t\t\t\t\t\t\t\t\t<\/li>\n\t\t\t\t\t\t\t\t<li class=\"elementor-icon-list-item\">\n\t\t\t\t\t\t\t\t\t\t\t<a href=\"https:\/\/marisqueriamardelevante.com\/\" target=\"_blank\">\n\n\t\t\t\t\t\t\t\t\t\t\t\t<span class=\"elementor-icon-list-icon\">\n\t\t\t\t\t\t\t<i aria-hidden=\"true\" class=\"fas fa-map-pin\"><\/i>\t\t\t\t\t\t<\/span>\n\t\t\t\t\t\t\t\t\t\t<span class=\"elementor-icon-list-text\">Marisquer\u00eda Mar de Levante<\/span>\n\t\t\t\t\t\t\t\t\t\t\t<\/a>\n\t\t\t\t\t\t\t\t\t<\/li>\n\t\t\t\t\t\t\t\t<li class=\"elementor-icon-list-item\">\n\t\t\t\t\t\t\t\t\t\t\t<a href=\"https:\/\/restaurantebarlovento.com\/\" target=\"_blank\">\n\n\t\t\t\t\t\t\t\t\t\t\t\t<span class=\"elementor-icon-list-icon\">\n\t\t\t\t\t\t\t<i aria-hidden=\"true\" class=\"fas fa-map-pin\"><\/i>\t\t\t\t\t\t<\/span>\n\t\t\t\t\t\t\t\t\t\t<span class=\"elementor-icon-list-text\">Restaurante Barlovento<\/span>\n\t\t\t\t\t\t\t\t\t\t\t<\/a>\n\t\t\t\t\t\t\t\t\t<\/li>\n\t\t\t\t\t\t\t\t<li class=\"elementor-icon-list-item\">\n\t\t\t\t\t\t\t\t\t\t\t<a href=\"https:\/\/www.restaurantelamata.com\/es\/\" target=\"_blank\">\n\n\t\t\t\t\t\t\t\t\t\t\t\t<span class=\"elementor-icon-list-icon\">\n\t\t\t\t\t\t\t<i aria-hidden=\"true\" class=\"fas fa-map-pin\"><\/i>\t\t\t\t\t\t<\/span>\n\t\t\t\t\t\t\t\t\t\t<span class=\"elementor-icon-list-text\">Restaurante la Mata \"Felisa\"<\/span>\n\t\t\t\t\t\t\t\t\t\t\t<\/a>\n\t\t\t\t\t\t\t\t\t<\/li>\n\t\t\t\t\t\t<\/ul>\n\t\t\t\t\t\t<\/div>\n\t\t\t\t<\/div>\n\t\t\t\t\t<\/div>\n\t\t<\/div>\n\t\t\t\t\t<\/div>\n\t\t<\/section>\n\t\t\t\t\t<\/div>\n\t\t<\/div>\n\t\t\t\t\t<\/div>\n\t\t<\/section>\n\t\t\t\t<section class=\"elementor-section elementor-top-section elementor-element elementor-element-9b42b30 elementor-section-full_width elementor-section-content-middle elementor-section-height-default elementor-section-height-default\" data-id=\"9b42b30\" data-element_type=\"section\" data-e-type=\"section\">\n\t\t\t\t\t\t<div class=\"elementor-container elementor-column-gap-default\">\n\t\t\t\t\t<div class=\"elementor-column elementor-col-50 elementor-top-column elementor-element elementor-element-8063bc2 animated-slow elementor-invisible\" data-id=\"8063bc2\" data-element_type=\"column\" data-e-type=\"column\" data-settings=\"{&quot;animation&quot;:&quot;fadeInLeft&quot;}\">\n\t\t\t<div class=\"elementor-widget-wrap elementor-element-populated\">\n\t\t\t\t\t\t<div class=\"elementor-element elementor-element-d0eb603 elementor-widget elementor-widget-heading\" data-id=\"d0eb603\" data-element_type=\"widget\" data-e-type=\"widget\" data-widget_type=\"heading.default\">\n\t\t\t\t<div class=\"elementor-widget-container\">\n\t\t\t\t\t<h2 class=\"elementor-heading-title elementor-size-default\">\u00bfQu\u00e9 es?<\/h2>\t\t\t\t<\/div>\n\t\t\t\t<\/div>\n\t\t\t\t<div class=\"elementor-element elementor-element-b640479 elementor-widget__width-initial elementor-widget elementor-widget-text-editor\" data-id=\"b640479\" data-element_type=\"widget\" data-e-type=\"widget\" data-widget_type=\"text-editor.default\">\n\t\t\t\t<div class=\"elementor-widget-container\">\n\t\t\t\t\t\t\t\t\t<p>El VIII Festival Gastrocultural de la Vega Baja es el homenaje que le rendimos desde la Asociaci\u00f3n de Empresarios de Hosteler\u00eda de Torrevieja y Comarca a la cultura, el arte y el entorno de nuestra tierra, todo ello expresado a trav\u00e9s de una de las manifestaciones m\u00e1s universales que puede tener una cultura, como es la gastronom\u00eda.<\/p><p>La meta de Gastrovegabaja es reforzar la conexi\u00f3n existente entre la tradici\u00f3n y el deleite de la cocina, puesto que la gastronom\u00eda, al igual que la cultura de cada regi\u00f3n no se puede entender sin la tradici\u00f3n sobre la que se sustentan los pueblos y sus gentes.<\/p>\t\t\t\t\t\t\t\t<\/div>\n\t\t\t\t<\/div>\n\t\t\t\t<div class=\"elementor-element elementor-element-22b815e elementor-hidden-desktop elementor-hidden-tablet elementor-widget elementor-widget-image\" data-id=\"22b815e\" data-element_type=\"widget\" data-e-type=\"widget\" data-widget_type=\"image.default\">\n\t\t\t\t<div class=\"elementor-widget-container\">\n\t\t\t\t\t\t\t\t\t\t\t\t\t\t\t<img width=\"1766\" height=\"1179\" src=\"https:\/\/www.torreviejagastronomica.com\/wp-content\/uploads\/2023\/10\/plato-creativo-gastrovegabaja.jpg\" class=\"attachment-full size-full wp-image-4113\" alt=\"\" decoding=\"async\" srcset=\"https:\/\/www.torreviejagastronomica.com\/wp-content\/uploads\/2023\/10\/plato-creativo-gastrovegabaja.jpg 1766w, https:\/\/www.torreviejagastronomica.com\/wp-content\/uploads\/2023\/10\/plato-creativo-gastrovegabaja-300x200.jpg 300w, https:\/\/www.torreviejagastronomica.com\/wp-content\/uploads\/2023\/10\/plato-creativo-gastrovegabaja-1024x684.jpg 1024w, https:\/\/www.torreviejagastronomica.com\/wp-content\/uploads\/2023\/10\/plato-creativo-gastrovegabaja-768x513.jpg 768w, https:\/\/www.torreviejagastronomica.com\/wp-content\/uploads\/2023\/10\/plato-creativo-gastrovegabaja-1536x1025.jpg 1536w\" sizes=\"(max-width: 1766px) 100vw, 1766px\" \/>\t\t\t\t\t\t\t\t\t\t\t\t\t\t\t<\/div>\n\t\t\t\t<\/div>\n\t\t\t\t\t<\/div>\n\t\t<\/div>\n\t\t\t\t<div class=\"elementor-column elementor-col-50 elementor-top-column elementor-element elementor-element-94b388d animated-slow elementor-hidden-mobile elementor-invisible\" data-id=\"94b388d\" data-element_type=\"column\" data-e-type=\"column\" data-settings=\"{&quot;animation&quot;:&quot;fadeInRight&quot;}\">\n\t\t\t<div class=\"elementor-widget-wrap elementor-element-populated\">\n\t\t\t\t\t\t<div class=\"elementor-element elementor-element-2e566c0 elementor-widget elementor-widget-image\" data-id=\"2e566c0\" data-element_type=\"widget\" data-e-type=\"widget\" data-widget_type=\"image.default\">\n\t\t\t\t<div class=\"elementor-widget-container\">\n\t\t\t\t\t\t\t\t\t\t\t\t\t\t\t<img width=\"1766\" height=\"1179\" src=\"https:\/\/www.torreviejagastronomica.com\/wp-content\/uploads\/2023\/10\/plato-creativo-gastrovegabaja.jpg\" class=\"attachment-full size-full wp-image-4113\" alt=\"\" decoding=\"async\" srcset=\"https:\/\/www.torreviejagastronomica.com\/wp-content\/uploads\/2023\/10\/plato-creativo-gastrovegabaja.jpg 1766w, https:\/\/www.torreviejagastronomica.com\/wp-content\/uploads\/2023\/10\/plato-creativo-gastrovegabaja-300x200.jpg 300w, https:\/\/www.torreviejagastronomica.com\/wp-content\/uploads\/2023\/10\/plato-creativo-gastrovegabaja-1024x684.jpg 1024w, https:\/\/www.torreviejagastronomica.com\/wp-content\/uploads\/2023\/10\/plato-creativo-gastrovegabaja-768x513.jpg 768w, https:\/\/www.torreviejagastronomica.com\/wp-content\/uploads\/2023\/10\/plato-creativo-gastrovegabaja-1536x1025.jpg 1536w\" sizes=\"(max-width: 1766px) 100vw, 1766px\" \/>\t\t\t\t\t\t\t\t\t\t\t\t\t\t\t<\/div>\n\t\t\t\t<\/div>\n\t\t\t\t\t<\/div>\n\t\t<\/div>\n\t\t\t\t\t<\/div>\n\t\t<\/section>\n\t\t\t\t<section class=\"elementor-section elementor-top-section elementor-element elementor-element-07d2378 elementor-section-height-min-height elementor-section-full_width elementor-section-height-default elementor-section-items-middle\" data-id=\"07d2378\" data-element_type=\"section\" data-e-type=\"section\" data-settings=\"{&quot;background_background&quot;:&quot;video&quot;,&quot;background_play_on_mobile&quot;:&quot;yes&quot;}\">\n\t\t\t\t\t\t<div class=\"elementor-container elementor-column-gap-default\">\n\t\t\t\t\t<div class=\"elementor-column elementor-col-100 elementor-top-column elementor-element elementor-element-91eab07\" data-id=\"91eab07\" data-element_type=\"column\" data-e-type=\"column\">\n\t\t\t<div class=\"elementor-widget-wrap elementor-element-populated\">\n\t\t\t\t\t\t<div class=\"elementor-element elementor-element-d9a2b13 elementor-widget elementor-widget-video\" data-id=\"d9a2b13\" data-element_type=\"widget\" data-e-type=\"widget\" data-settings=\"{&quot;video_type&quot;:&quot;hosted&quot;,&quot;autoplay&quot;:&quot;yes&quot;,&quot;play_on_mobile&quot;:&quot;yes&quot;,&quot;controls&quot;:&quot;yes&quot;}\" data-widget_type=\"video.default\">\n\t\t\t\t<div class=\"elementor-widget-container\">\n\t\t\t\t\t\t\t<div class=\"e-hosted-video elementor-wrapper elementor-open-inline\">\n\t\t\t\t\t<video class=\"elementor-video\" src=\"https:\/\/www.torreviejagastronomica.com\/wp-content\/uploads\/2023\/10\/VIII-FESTIVAL-GASTROCULTURAL-de-la-Vega-Baja-2023.mp4\" autoplay=\"\" controls=\"\" playsinline=\"\" controlsList=\"nodownload\"><\/video>\n\t\t\t\t<\/div>\n\t\t\t\t\t\t<\/div>\n\t\t\t\t<\/div>\n\t\t\t\t\t<\/div>\n\t\t<\/div>\n\t\t\t\t\t<\/div>\n\t\t<\/section>\n\t\t\t\t<section class=\"elementor-section elementor-top-section elementor-element elementor-element-653a7de elementor-section-full_width elementor-section-content-middle elementor-section-height-default elementor-section-height-default\" data-id=\"653a7de\" data-element_type=\"section\" data-e-type=\"section\">\n\t\t\t\t\t\t<div class=\"elementor-container elementor-column-gap-default\">\n\t\t\t\t\t<div class=\"elementor-column elementor-col-50 elementor-top-column elementor-element elementor-element-3f539eb animated-slow elementor-hidden-mobile elementor-invisible\" data-id=\"3f539eb\" data-element_type=\"column\" data-e-type=\"column\" data-settings=\"{&quot;animation&quot;:&quot;fadeInLeft&quot;}\">\n\t\t\t<div class=\"elementor-widget-wrap elementor-element-populated\">\n\t\t\t\t\t\t<div class=\"elementor-element elementor-element-0dbc902 elementor-widget elementor-widget-image\" data-id=\"0dbc902\" data-element_type=\"widget\" data-e-type=\"widget\" data-widget_type=\"image.default\">\n\t\t\t\t<div class=\"elementor-widget-container\">\n\t\t\t\t\t\t\t\t\t\t\t\t\t\t\t<img loading=\"lazy\" width=\"2053\" height=\"1369\" src=\"https:\/\/www.torreviejagastronomica.com\/wp-content\/uploads\/2023\/10\/landing-gastrovegabaja-gastronomia.jpg\" class=\"attachment-full size-full wp-image-4116\" alt=\"\" decoding=\"async\" srcset=\"https:\/\/www.torreviejagastronomica.com\/wp-content\/uploads\/2023\/10\/landing-gastrovegabaja-gastronomia.jpg 2053w, https:\/\/www.torreviejagastronomica.com\/wp-content\/uploads\/2023\/10\/landing-gastrovegabaja-gastronomia-300x200.jpg 300w, https:\/\/www.torreviejagastronomica.com\/wp-content\/uploads\/2023\/10\/landing-gastrovegabaja-gastronomia-1024x683.jpg 1024w, https:\/\/www.torreviejagastronomica.com\/wp-content\/uploads\/2023\/10\/landing-gastrovegabaja-gastronomia-768x512.jpg 768w, https:\/\/www.torreviejagastronomica.com\/wp-content\/uploads\/2023\/10\/landing-gastrovegabaja-gastronomia-1536x1024.jpg 1536w, https:\/\/www.torreviejagastronomica.com\/wp-content\/uploads\/2023\/10\/landing-gastrovegabaja-gastronomia-2048x1366.jpg 2048w\" sizes=\"(max-width: 2053px) 100vw, 2053px\" \/>\t\t\t\t\t\t\t\t\t\t\t\t\t\t\t<\/div>\n\t\t\t\t<\/div>\n\t\t\t\t\t<\/div>\n\t\t<\/div>\n\t\t\t\t<div class=\"elementor-column elementor-col-50 elementor-top-column elementor-element elementor-element-2db8999 animated-slow elementor-invisible\" data-id=\"2db8999\" data-element_type=\"column\" data-e-type=\"column\" data-settings=\"{&quot;animation&quot;:&quot;fadeInRight&quot;}\">\n\t\t\t<div class=\"elementor-widget-wrap elementor-element-populated\">\n\t\t\t\t\t\t<div class=\"elementor-element elementor-element-46a8e21 elementor-widget elementor-widget-heading\" data-id=\"46a8e21\" data-element_type=\"widget\" data-e-type=\"widget\" data-widget_type=\"heading.default\">\n\t\t\t\t<div class=\"elementor-widget-container\">\n\t\t\t\t\t<h2 class=\"elementor-heading-title elementor-size-default\">\u00bfcu\u00e1ndo es?<\/h2>\t\t\t\t<\/div>\n\t\t\t\t<\/div>\n\t\t\t\t<div class=\"elementor-element elementor-element-23db689 elementor-widget elementor-widget-text-editor\" data-id=\"23db689\" data-element_type=\"widget\" data-e-type=\"widget\" data-widget_type=\"text-editor.default\">\n\t\t\t\t<div class=\"elementor-widget-container\">\n\t\t\t\t\t\t\t\t\t<p>El VIII Festival Gastrocultural de la Vega Baja se celebra los pr\u00f3ximos 20, 21 y 22 de octubre. Ser\u00e1n tres d\u00edas durante los cuales nuestros visitantes podr\u00e1n conocer lo mejor de la oferta gastron\u00f3mica de Torrevieja y la Vega Baja, y donde nuestros participantes podr\u00e1n compartir experiencias y conocer las vivencias de sus colegas hosteleros, as\u00ed como hacer networking con empresas de una gran variedad de sectores.<\/p>\n<p>Los tres d\u00edas el horario de Gastrovegabaja ser\u00e1 el mismo, de 10:00 a 19:30 de la tarde.<\/p>\t\t\t\t\t\t\t\t<\/div>\n\t\t\t\t<\/div>\n\t\t\t\t<div class=\"elementor-element elementor-element-ebe74bf elementor-hidden-desktop elementor-hidden-tablet elementor-widget elementor-widget-image\" data-id=\"ebe74bf\" data-element_type=\"widget\" data-e-type=\"widget\" data-widget_type=\"image.default\">\n\t\t\t\t<div class=\"elementor-widget-container\">\n\t\t\t\t\t\t\t\t\t\t\t\t\t\t\t<img loading=\"lazy\" width=\"2053\" height=\"1369\" src=\"https:\/\/www.torreviejagastronomica.com\/wp-content\/uploads\/2023\/10\/landing-gastrovegabaja-gastronomia.jpg\" class=\"attachment-full size-full wp-image-4116\" alt=\"\" decoding=\"async\" srcset=\"https:\/\/www.torreviejagastronomica.com\/wp-content\/uploads\/2023\/10\/landing-gastrovegabaja-gastronomia.jpg 2053w, https:\/\/www.torreviejagastronomica.com\/wp-content\/uploads\/2023\/10\/landing-gastrovegabaja-gastronomia-300x200.jpg 300w, https:\/\/www.torreviejagastronomica.com\/wp-content\/uploads\/2023\/10\/landing-gastrovegabaja-gastronomia-1024x683.jpg 1024w, https:\/\/www.torreviejagastronomica.com\/wp-content\/uploads\/2023\/10\/landing-gastrovegabaja-gastronomia-768x512.jpg 768w, https:\/\/www.torreviejagastronomica.com\/wp-content\/uploads\/2023\/10\/landing-gastrovegabaja-gastronomia-1536x1024.jpg 1536w, https:\/\/www.torreviejagastronomica.com\/wp-content\/uploads\/2023\/10\/landing-gastrovegabaja-gastronomia-2048x1366.jpg 2048w\" sizes=\"(max-width: 2053px) 100vw, 2053px\" \/>\t\t\t\t\t\t\t\t\t\t\t\t\t\t\t<\/div>\n\t\t\t\t<\/div>\n\t\t\t\t\t<\/div>\n\t\t<\/div>\n\t\t\t\t\t<\/div>\n\t\t<\/section>\n\t\t\t\t<section class=\"elementor-section elementor-top-section elementor-element elementor-element-b61d947 elementor-section-full_width elementor-section-content-middle elementor-section-height-default elementor-section-height-default\" data-id=\"b61d947\" data-element_type=\"section\" data-e-type=\"section\">\n\t\t\t\t\t\t<div class=\"elementor-container elementor-column-gap-default\">\n\t\t\t\t\t<div class=\"elementor-column elementor-col-50 elementor-top-column elementor-element elementor-element-b3596e9 animated-slow elementor-invisible\" data-id=\"b3596e9\" data-element_type=\"column\" data-e-type=\"column\" data-settings=\"{&quot;animation&quot;:&quot;fadeInLeft&quot;}\">\n\t\t\t<div class=\"elementor-widget-wrap elementor-element-populated\">\n\t\t\t\t\t\t<div class=\"elementor-element elementor-element-fa0bcf2 elementor-widget elementor-widget-heading\" data-id=\"fa0bcf2\" data-element_type=\"widget\" data-e-type=\"widget\" data-widget_type=\"heading.default\">\n\t\t\t\t<div class=\"elementor-widget-container\">\n\t\t\t\t\t<h2 class=\"elementor-heading-title elementor-size-default\">\u00bfd\u00f3nde es?<\/h2>\t\t\t\t<\/div>\n\t\t\t\t<\/div>\n\t\t\t\t<div class=\"elementor-element elementor-element-0cadca8 elementor-widget elementor-widget-text-editor\" data-id=\"0cadca8\" data-element_type=\"widget\" data-e-type=\"widget\" data-widget_type=\"text-editor.default\">\n\t\t\t\t<div class=\"elementor-widget-container\">\n\t\t\t\t\t\t\t\t\t<p>Os esperamos a todas y todos en el Parque Antonio Soria de Torrevieja, donde tendremos m\u00e1s de 40.000 m2 de exposici\u00f3n y zona de actividades para toda la familia.<\/p>\t\t\t\t\t\t\t\t<\/div>\n\t\t\t\t<\/div>\n\t\t\t\t<div class=\"elementor-element elementor-element-09a8d8b elementor-widget elementor-widget-google_maps\" data-id=\"09a8d8b\" data-element_type=\"widget\" data-e-type=\"widget\" data-widget_type=\"google_maps.default\">\n\t\t\t\t<div class=\"elementor-widget-container\">\n\t\t\t\t\t\t\t<div class=\"elementor-custom-embed\">\n\t\t\t<iframe loading=\"lazy\"\n\t\t\t\t\tsrc=\"https:\/\/maps.google.com\/maps?q=Parque%20antonio%20Soria&#038;t=m&#038;z=15&#038;output=embed&#038;iwloc=near\"\n\t\t\t\t\ttitle=\"Parque antonio Soria\"\n\t\t\t\t\taria-label=\"Parque antonio Soria\"\n\t\t\t><\/iframe>\n\t\t<\/div>\n\t\t\t\t\t\t<\/div>\n\t\t\t\t<\/div>\n\t\t\t\t<div class=\"elementor-element elementor-element-a9b0d63 elementor-hidden-desktop elementor-hidden-tablet elementor-widget elementor-widget-image\" data-id=\"a9b0d63\" data-element_type=\"widget\" data-e-type=\"widget\" data-widget_type=\"image.default\">\n\t\t\t\t<div class=\"elementor-widget-container\">\n\t\t\t\t\t\t\t\t\t\t\t\t\t\t\t<img loading=\"lazy\" width=\"2560\" height=\"1710\" src=\"https:\/\/www.torreviejagastronomica.com\/wp-content\/uploads\/2023\/10\/landing-gastrovegabaja-donde.jpg\" class=\"attachment-full size-full wp-image-4124\" alt=\"\" decoding=\"async\" srcset=\"https:\/\/www.torreviejagastronomica.com\/wp-content\/uploads\/2023\/10\/landing-gastrovegabaja-donde.jpg 2560w, https:\/\/www.torreviejagastronomica.com\/wp-content\/uploads\/2023\/10\/landing-gastrovegabaja-donde-300x200.jpg 300w, https:\/\/www.torreviejagastronomica.com\/wp-content\/uploads\/2023\/10\/landing-gastrovegabaja-donde-1024x684.jpg 1024w, https:\/\/www.torreviejagastronomica.com\/wp-content\/uploads\/2023\/10\/landing-gastrovegabaja-donde-768x513.jpg 768w, https:\/\/www.torreviejagastronomica.com\/wp-content\/uploads\/2023\/10\/landing-gastrovegabaja-donde-1536x1026.jpg 1536w, https:\/\/www.torreviejagastronomica.com\/wp-content\/uploads\/2023\/10\/landing-gastrovegabaja-donde-2048x1368.jpg 2048w\" sizes=\"(max-width: 2560px) 100vw, 2560px\" \/>\t\t\t\t\t\t\t\t\t\t\t\t\t\t\t<\/div>\n\t\t\t\t<\/div>\n\t\t\t\t\t<\/div>\n\t\t<\/div>\n\t\t\t\t<div class=\"elementor-column elementor-col-50 elementor-top-column elementor-element elementor-element-2567b82 animated-slow elementor-hidden-mobile elementor-invisible\" data-id=\"2567b82\" data-element_type=\"column\" data-e-type=\"column\" data-settings=\"{&quot;animation&quot;:&quot;fadeInRight&quot;}\">\n\t\t\t<div class=\"elementor-widget-wrap elementor-element-populated\">\n\t\t\t\t\t\t<div class=\"elementor-element elementor-element-d870d89 elementor-widget elementor-widget-image\" data-id=\"d870d89\" data-element_type=\"widget\" data-e-type=\"widget\" data-widget_type=\"image.default\">\n\t\t\t\t<div class=\"elementor-widget-container\">\n\t\t\t\t\t\t\t\t\t\t\t\t\t\t\t<img loading=\"lazy\" width=\"2560\" height=\"1710\" src=\"https:\/\/www.torreviejagastronomica.com\/wp-content\/uploads\/2023\/10\/landing-gastrovegabaja-donde.jpg\" class=\"attachment-full size-full wp-image-4124\" alt=\"\" decoding=\"async\" srcset=\"https:\/\/www.torreviejagastronomica.com\/wp-content\/uploads\/2023\/10\/landing-gastrovegabaja-donde.jpg 2560w, https:\/\/www.torreviejagastronomica.com\/wp-content\/uploads\/2023\/10\/landing-gastrovegabaja-donde-300x200.jpg 300w, https:\/\/www.torreviejagastronomica.com\/wp-content\/uploads\/2023\/10\/landing-gastrovegabaja-donde-1024x684.jpg 1024w, https:\/\/www.torreviejagastronomica.com\/wp-content\/uploads\/2023\/10\/landing-gastrovegabaja-donde-768x513.jpg 768w, https:\/\/www.torreviejagastronomica.com\/wp-content\/uploads\/2023\/10\/landing-gastrovegabaja-donde-1536x1026.jpg 1536w, https:\/\/www.torreviejagastronomica.com\/wp-content\/uploads\/2023\/10\/landing-gastrovegabaja-donde-2048x1368.jpg 2048w\" sizes=\"(max-width: 2560px) 100vw, 2560px\" \/>\t\t\t\t\t\t\t\t\t\t\t\t\t\t\t<\/div>\n\t\t\t\t<\/div>\n\t\t\t\t\t<\/div>\n\t\t<\/div>\n\t\t\t\t\t<\/div>\n\t\t<\/section>\n\t\t\t\t<section class=\"elementor-section elementor-top-section elementor-element elementor-element-8e3518e elementor-section-height-min-height elementor-section-boxed elementor-section-height-default elementor-section-items-middle\" data-id=\"8e3518e\" data-element_type=\"section\" data-e-type=\"section\" data-settings=\"{&quot;background_background&quot;:&quot;classic&quot;}\">\n\t\t\t\t\t\t\t<div class=\"elementor-background-overlay\"><\/div>\n\t\t\t\t\t\t\t<div class=\"elementor-container elementor-column-gap-default\">\n\t\t\t\t\t<div class=\"elementor-column elementor-col-100 elementor-top-column elementor-element elementor-element-bde2fb7\" data-id=\"bde2fb7\" data-element_type=\"column\" data-e-type=\"column\">\n\t\t\t<div class=\"elementor-widget-wrap elementor-element-populated\">\n\t\t\t\t\t\t<div class=\"elementor-element elementor-element-fc56ba9 elementor-widget elementor-widget-heading\" data-id=\"fc56ba9\" data-element_type=\"widget\" data-e-type=\"widget\" data-widget_type=\"heading.default\">\n\t\t\t\t<div class=\"elementor-widget-container\">\n\t\t\t\t\t<h2 class=\"elementor-heading-title elementor-size-default\">\u00bfQu\u00e9 podr\u00e1s hacer?<\/h2>\t\t\t\t<\/div>\n\t\t\t\t<\/div>\n\t\t\t\t<div class=\"elementor-element elementor-element-23473d7 elementor-align-center elementor-widget elementor-widget-button\" data-id=\"23473d7\" data-element_type=\"widget\" data-e-type=\"widget\" data-widget_type=\"button.default\">\n\t\t\t\t<div class=\"elementor-widget-container\">\n\t\t\t\t\t\t\t\t\t<div class=\"elementor-button-wrapper\">\n\t\t\t\t\t<a class=\"elementor-button elementor-button-link elementor-size-sm\" href=\"https:\/\/www.torreviejagastronomica.com\/wp-content\/uploads\/2023\/10\/programacion-gastrovegabaja-ok.pdf\" target=\"_blank\">\n\t\t\t\t\t\t<span class=\"elementor-button-content-wrapper\">\n\t\t\t\t\t\t<span class=\"elementor-button-icon\">\n\t\t\t\t<i aria-hidden=\"true\" class=\"fas fa-download\"><\/i>\t\t\t<\/span>\n\t\t\t\t\t\t\t\t\t<span class=\"elementor-button-text\">Descarga la programaci\u00f3n<\/span>\n\t\t\t\t\t<\/span>\n\t\t\t\t\t<\/a>\n\t\t\t\t<\/div>\n\t\t\t\t\t\t\t\t<\/div>\n\t\t\t\t<\/div>\n\t\t\t\t\t<\/div>\n\t\t<\/div>\n\t\t\t\t\t<\/div>\n\t\t<\/section>\n\t\t\t\t<section class=\"elementor-section elementor-top-section elementor-element elementor-element-b1a674b elementor-section-full_width elementor-section-height-default elementor-section-height-default\" data-id=\"b1a674b\" data-element_type=\"section\" data-e-type=\"section\">\n\t\t\t\t\t\t<div class=\"elementor-container elementor-column-gap-default\">\n\t\t\t\t\t<div class=\"elementor-column elementor-col-100 elementor-top-column elementor-element elementor-element-f0d3945\" data-id=\"f0d3945\" data-element_type=\"column\" data-e-type=\"column\">\n\t\t\t<div class=\"elementor-widget-wrap elementor-element-populated\">\n\t\t\t\t\t\t<section class=\"elementor-section elementor-inner-section elementor-element elementor-element-d641a86 elementor-section-full_width elementor-section-height-default elementor-section-height-default\" data-id=\"d641a86\" data-element_type=\"section\" data-e-type=\"section\">\n\t\t\t\t\t\t<div class=\"elementor-container elementor-column-gap-default\">\n\t\t\t\t\t<div class=\"elementor-column elementor-col-33 elementor-inner-column elementor-element elementor-element-486ec87\" data-id=\"486ec87\" data-element_type=\"column\" data-e-type=\"column\">\n\t\t\t<div class=\"elementor-widget-wrap elementor-element-populated\">\n\t\t\t\t\t\t<div class=\"elementor-element elementor-element-37280d8 elementor-widget-divider--view-line elementor-widget elementor-widget-divider\" data-id=\"37280d8\" data-element_type=\"widget\" data-e-type=\"widget\" data-widget_type=\"divider.default\">\n\t\t\t\t<div class=\"elementor-widget-container\">\n\t\t\t\t\t\t\t<div class=\"elementor-divider\">\n\t\t\t<span class=\"elementor-divider-separator\">\n\t\t\t\t\t\t<\/span>\n\t\t<\/div>\n\t\t\t\t\t\t<\/div>\n\t\t\t\t<\/div>\n\t\t\t\t\t<\/div>\n\t\t<\/div>\n\t\t\t\t<div class=\"elementor-column elementor-col-33 elementor-inner-column elementor-element elementor-element-4c70c54\" data-id=\"4c70c54\" data-element_type=\"column\" data-e-type=\"column\">\n\t\t\t<div class=\"elementor-widget-wrap elementor-element-populated\">\n\t\t\t\t\t\t<div class=\"elementor-element elementor-element-55403b7 elementor-widget elementor-widget-heading\" data-id=\"55403b7\" data-element_type=\"widget\" data-e-type=\"widget\" data-widget_type=\"heading.default\">\n\t\t\t\t<div class=\"elementor-widget-container\">\n\t\t\t\t\t<h3 class=\"elementor-heading-title elementor-size-default\">ORGANIZAN<\/h3>\t\t\t\t<\/div>\n\t\t\t\t<\/div>\n\t\t\t\t\t<\/div>\n\t\t<\/div>\n\t\t\t\t<div class=\"elementor-column elementor-col-33 elementor-inner-column elementor-element elementor-element-7764db6\" data-id=\"7764db6\" data-element_type=\"column\" data-e-type=\"column\">\n\t\t\t<div class=\"elementor-widget-wrap elementor-element-populated\">\n\t\t\t\t\t\t<div class=\"elementor-element elementor-element-e59fcaa elementor-widget-divider--view-line elementor-widget elementor-widget-divider\" data-id=\"e59fcaa\" data-element_type=\"widget\" data-e-type=\"widget\" data-widget_type=\"divider.default\">\n\t\t\t\t<div class=\"elementor-widget-container\">\n\t\t\t\t\t\t\t<div class=\"elementor-divider\">\n\t\t\t<span class=\"elementor-divider-separator\">\n\t\t\t\t\t\t<\/span>\n\t\t<\/div>\n\t\t\t\t\t\t<\/div>\n\t\t\t\t<\/div>\n\t\t\t\t\t<\/div>\n\t\t<\/div>\n\t\t\t\t\t<\/div>\n\t\t<\/section>\n\t\t\t\t<section class=\"elementor-section elementor-inner-section elementor-element elementor-element-5bdcc3b elementor-section-full_width elementor-section-height-default elementor-section-height-default\" data-id=\"5bdcc3b\" data-element_type=\"section\" data-e-type=\"section\">\n\t\t\t\t\t\t<div class=\"elementor-container elementor-column-gap-default\">\n\t\t\t\t\t<div class=\"elementor-column elementor-col-50 elementor-inner-column elementor-element elementor-element-7d7f537\" data-id=\"7d7f537\" data-element_type=\"column\" data-e-type=\"column\">\n\t\t\t<div class=\"elementor-widget-wrap elementor-element-populated\">\n\t\t\t\t\t\t<div class=\"elementor-element elementor-element-6262ab9 elementor-widget elementor-widget-image\" data-id=\"6262ab9\" data-element_type=\"widget\" data-e-type=\"widget\" data-widget_type=\"image.default\">\n\t\t\t\t<div class=\"elementor-widget-container\">\n\t\t\t\t\t\t\t\t\t\t\t\t\t\t\t\t<a href=\"https:\/\/www.torreviejagastronomica.com\/\">\n\t\t\t\t\t\t\t<img loading=\"lazy\" width=\"440\" height=\"181\" src=\"https:\/\/www.torreviejagastronomica.com\/wp-content\/uploads\/2023\/09\/LOGO-TORREVIEJA-GASTRONOMICA-1.png\" class=\"attachment-full size-full wp-image-3949\" alt=\"\" decoding=\"async\" srcset=\"https:\/\/www.torreviejagastronomica.com\/wp-content\/uploads\/2023\/09\/LOGO-TORREVIEJA-GASTRONOMICA-1.png 440w, https:\/\/www.torreviejagastronomica.com\/wp-content\/uploads\/2023\/09\/LOGO-TORREVIEJA-GASTRONOMICA-1-300x123.png 300w\" sizes=\"(max-width: 440px) 100vw, 440px\" \/>\t\t\t\t\t\t\t\t<\/a>\n\t\t\t\t\t\t\t\t\t\t\t\t\t\t\t<\/div>\n\t\t\t\t<\/div>\n\t\t\t\t\t<\/div>\n\t\t<\/div>\n\t\t\t\t<div class=\"elementor-column elementor-col-50 elementor-inner-column elementor-element elementor-element-47402d6\" data-id=\"47402d6\" data-element_type=\"column\" data-e-type=\"column\">\n\t\t\t<div class=\"elementor-widget-wrap elementor-element-populated\">\n\t\t\t\t\t\t<div class=\"elementor-element elementor-element-95a921a elementor-widget elementor-widget-image\" data-id=\"95a921a\" data-element_type=\"widget\" data-e-type=\"widget\" data-widget_type=\"image.default\">\n\t\t\t\t<div class=\"elementor-widget-container\">\n\t\t\t\t\t\t\t\t\t\t\t\t\t\t\t\t<a href=\"https:\/\/aehtc.net\" target=\"_blank\">\n\t\t\t\t\t\t\t<img loading=\"lazy\" width=\"453\" height=\"165\" src=\"https:\/\/www.torreviejagastronomica.com\/wp-content\/uploads\/2023\/09\/LOGO-AEHTC.png\" class=\"attachment-full size-full wp-image-3950\" alt=\"\" decoding=\"async\" srcset=\"https:\/\/www.torreviejagastronomica.com\/wp-content\/uploads\/2023\/09\/LOGO-AEHTC.png 453w, https:\/\/www.torreviejagastronomica.com\/wp-content\/uploads\/2023\/09\/LOGO-AEHTC-300x109.png 300w\" sizes=\"(max-width: 453px) 100vw, 453px\" \/>\t\t\t\t\t\t\t\t<\/a>\n\t\t\t\t\t\t\t\t\t\t\t\t\t\t\t<\/div>\n\t\t\t\t<\/div>\n\t\t\t\t\t<\/div>\n\t\t<\/div>\n\t\t\t\t\t<\/div>\n\t\t<\/section>\n\t\t\t\t\t<\/div>\n\t\t<\/div>\n\t\t\t\t\t<\/div>\n\t\t<\/section>\n\t\t\t\t<section class=\"elementor-section elementor-top-section elementor-element elementor-element-b397633 elementor-section-full_width elementor-section-content-middle elementor-section-height-default elementor-section-height-default\" data-id=\"b397633\" data-element_type=\"section\" data-e-type=\"section\">\n\t\t\t\t\t\t<div class=\"elementor-container elementor-column-gap-default\">\n\t\t\t\t\t<div class=\"elementor-column elementor-col-100 elementor-top-column elementor-element elementor-element-450cdbe\" data-id=\"450cdbe\" data-element_type=\"column\" data-e-type=\"column\">\n\t\t\t<div class=\"elementor-widget-wrap elementor-element-populated\">\n\t\t\t\t\t\t<section class=\"elementor-section elementor-inner-section elementor-element elementor-element-310b253 elementor-section-full_width elementor-section-height-default elementor-section-height-default\" data-id=\"310b253\" data-element_type=\"section\" data-e-type=\"section\">\n\t\t\t\t\t\t<div class=\"elementor-container elementor-column-gap-default\">\n\t\t\t\t\t<div class=\"elementor-column elementor-col-33 elementor-inner-column elementor-element elementor-element-f27485b\" data-id=\"f27485b\" data-element_type=\"column\" data-e-type=\"column\">\n\t\t\t<div class=\"elementor-widget-wrap elementor-element-populated\">\n\t\t\t\t\t\t<div class=\"elementor-element elementor-element-174517a elementor-widget-divider--view-line elementor-widget elementor-widget-divider\" data-id=\"174517a\" data-element_type=\"widget\" data-e-type=\"widget\" data-widget_type=\"divider.default\">\n\t\t\t\t<div class=\"elementor-widget-container\">\n\t\t\t\t\t\t\t<div class=\"elementor-divider\">\n\t\t\t<span class=\"elementor-divider-separator\">\n\t\t\t\t\t\t<\/span>\n\t\t<\/div>\n\t\t\t\t\t\t<\/div>\n\t\t\t\t<\/div>\n\t\t\t\t\t<\/div>\n\t\t<\/div>\n\t\t\t\t<div class=\"elementor-column elementor-col-33 elementor-inner-column elementor-element elementor-element-cf4d705\" data-id=\"cf4d705\" data-element_type=\"column\" data-e-type=\"column\">\n\t\t\t<div class=\"elementor-widget-wrap elementor-element-populated\">\n\t\t\t\t\t\t<div class=\"elementor-element elementor-element-6e02516 elementor-widget elementor-widget-heading\" data-id=\"6e02516\" data-element_type=\"widget\" data-e-type=\"widget\" data-widget_type=\"heading.default\">\n\t\t\t\t<div class=\"elementor-widget-container\">\n\t\t\t\t\t<h3 class=\"elementor-heading-title elementor-size-default\">patrocinan<\/h3>\t\t\t\t<\/div>\n\t\t\t\t<\/div>\n\t\t\t\t\t<\/div>\n\t\t<\/div>\n\t\t\t\t<div class=\"elementor-column elementor-col-33 elementor-inner-column elementor-element elementor-element-d6b150e\" data-id=\"d6b150e\" data-element_type=\"column\" data-e-type=\"column\">\n\t\t\t<div class=\"elementor-widget-wrap elementor-element-populated\">\n\t\t\t\t\t\t<div class=\"elementor-element elementor-element-5ac0b7c elementor-widget__width-initial elementor-widget-divider--view-line elementor-widget elementor-widget-divider\" data-id=\"5ac0b7c\" data-element_type=\"widget\" data-e-type=\"widget\" data-widget_type=\"divider.default\">\n\t\t\t\t<div class=\"elementor-widget-container\">\n\t\t\t\t\t\t\t<div class=\"elementor-divider\">\n\t\t\t<span class=\"elementor-divider-separator\">\n\t\t\t\t\t\t<\/span>\n\t\t<\/div>\n\t\t\t\t\t\t<\/div>\n\t\t\t\t<\/div>\n\t\t\t\t\t<\/div>\n\t\t<\/div>\n\t\t\t\t\t<\/div>\n\t\t<\/section>\n\t\t\t\t<section class=\"elementor-section elementor-inner-section elementor-element elementor-element-86b0cf5 elementor-section-content-middle elementor-section-boxed elementor-section-height-default elementor-section-height-default\" data-id=\"86b0cf5\" data-element_type=\"section\" data-e-type=\"section\">\n\t\t\t\t\t\t<div class=\"elementor-container elementor-column-gap-default\">\n\t\t\t\t\t<div class=\"elementor-column elementor-col-33 elementor-inner-column elementor-element elementor-element-866d362\" data-id=\"866d362\" data-element_type=\"column\" data-e-type=\"column\">\n\t\t\t<div class=\"elementor-widget-wrap elementor-element-populated\">\n\t\t\t\t\t\t<div class=\"elementor-element elementor-element-5dc0e30 elementor-widget elementor-widget-image\" data-id=\"5dc0e30\" data-element_type=\"widget\" data-e-type=\"widget\" data-widget_type=\"image.default\">\n\t\t\t\t<div class=\"elementor-widget-container\">\n\t\t\t\t\t\t\t\t\t\t\t\t\t\t\t\t<a href=\"https:\/\/www.comunitatvalenciana.com\" target=\"_blank\">\n\t\t\t\t\t\t\t<img loading=\"lazy\" width=\"477\" height=\"175\" src=\"https:\/\/www.torreviejagastronomica.com\/wp-content\/uploads\/2023\/09\/LOGO-GENERALITAT-VALENCIANA.png\" class=\"attachment-large size-large wp-image-3952\" alt=\"\" decoding=\"async\" srcset=\"https:\/\/www.torreviejagastronomica.com\/wp-content\/uploads\/2023\/09\/LOGO-GENERALITAT-VALENCIANA.png 477w, https:\/\/www.torreviejagastronomica.com\/wp-content\/uploads\/2023\/09\/LOGO-GENERALITAT-VALENCIANA-300x110.png 300w\" sizes=\"(max-width: 477px) 100vw, 477px\" \/>\t\t\t\t\t\t\t\t<\/a>\n\t\t\t\t\t\t\t\t\t\t\t\t\t\t\t<\/div>\n\t\t\t\t<\/div>\n\t\t\t\t\t<\/div>\n\t\t<\/div>\n\t\t\t\t<div class=\"elementor-column elementor-col-33 elementor-inner-column elementor-element elementor-element-76d9a67\" data-id=\"76d9a67\" data-element_type=\"column\" data-e-type=\"column\">\n\t\t\t<div class=\"elementor-widget-wrap elementor-element-populated\">\n\t\t\t\t\t\t<div class=\"elementor-element elementor-element-6554562 elementor-widget elementor-widget-image\" data-id=\"6554562\" data-element_type=\"widget\" data-e-type=\"widget\" data-widget_type=\"image.default\">\n\t\t\t\t<div class=\"elementor-widget-container\">\n\t\t\t\t\t\t\t\t\t\t\t\t\t\t\t\t<a href=\"https:\/\/lexquisit.comunitatvalenciana.com\/lexquisit-mediterrani\" target=\"_blank\">\n\t\t\t\t\t\t\t<img loading=\"lazy\" width=\"503\" height=\"118\" src=\"https:\/\/www.torreviejagastronomica.com\/wp-content\/uploads\/2023\/09\/LOGO-EXQUISIT-MEDITERRANI.png\" class=\"attachment-large size-large wp-image-3956\" alt=\"\" decoding=\"async\" srcset=\"https:\/\/www.torreviejagastronomica.com\/wp-content\/uploads\/2023\/09\/LOGO-EXQUISIT-MEDITERRANI.png 503w, https:\/\/www.torreviejagastronomica.com\/wp-content\/uploads\/2023\/09\/LOGO-EXQUISIT-MEDITERRANI-300x70.png 300w\" sizes=\"(max-width: 503px) 100vw, 503px\" \/>\t\t\t\t\t\t\t\t<\/a>\n\t\t\t\t\t\t\t\t\t\t\t\t\t\t\t<\/div>\n\t\t\t\t<\/div>\n\t\t\t\t\t<\/div>\n\t\t<\/div>\n\t\t\t\t<div class=\"elementor-column elementor-col-33 elementor-inner-column elementor-element elementor-element-5f88d61\" data-id=\"5f88d61\" data-element_type=\"column\" data-e-type=\"column\">\n\t\t\t<div class=\"elementor-widget-wrap elementor-element-populated\">\n\t\t\t\t\t\t<div class=\"elementor-element elementor-element-42bba90 elementor-widget elementor-widget-image\" data-id=\"42bba90\" data-element_type=\"widget\" data-e-type=\"widget\" data-widget_type=\"image.default\">\n\t\t\t\t<div class=\"elementor-widget-container\">\n\t\t\t\t\t\t\t\t\t\t\t\t\t\t\t\t<a href=\"https:\/\/torrevieja.es\/es\/temas\/turismo-actividades\/turismo\" target=\"_blank\">\n\t\t\t\t\t\t\t<img loading=\"lazy\" width=\"513\" height=\"149\" src=\"https:\/\/www.torreviejagastronomica.com\/wp-content\/uploads\/2023\/09\/LOGO-AYTO-TORREVIEJA.png\" class=\"attachment-large size-large wp-image-3958\" alt=\"\" decoding=\"async\" srcset=\"https:\/\/www.torreviejagastronomica.com\/wp-content\/uploads\/2023\/09\/LOGO-AYTO-TORREVIEJA.png 513w, https:\/\/www.torreviejagastronomica.com\/wp-content\/uploads\/2023\/09\/LOGO-AYTO-TORREVIEJA-300x87.png 300w\" sizes=\"(max-width: 513px) 100vw, 513px\" \/>\t\t\t\t\t\t\t\t<\/a>\n\t\t\t\t\t\t\t\t\t\t\t\t\t\t\t<\/div>\n\t\t\t\t<\/div>\n\t\t\t\t\t<\/div>\n\t\t<\/div>\n\t\t\t\t\t<\/div>\n\t\t<\/section>\n\t\t\t\t\t<\/div>\n\t\t<\/div>\n\t\t\t\t\t<\/div>\n\t\t<\/section>\n\t\t\t\t<section class=\"elementor-section elementor-top-section elementor-element elementor-element-6019836 elementor-section-full_width elementor-section-height-default elementor-section-height-default\" data-id=\"6019836\" data-element_type=\"section\" data-e-type=\"section\">\n\t\t\t\t\t\t<div class=\"elementor-container elementor-column-gap-default\">\n\t\t\t\t\t<div class=\"elementor-column elementor-col-100 elementor-top-column elementor-element elementor-element-4ce0e36\" data-id=\"4ce0e36\" data-element_type=\"column\" data-e-type=\"column\">\n\t\t\t<div class=\"elementor-widget-wrap elementor-element-populated\">\n\t\t\t\t\t\t<section class=\"elementor-section elementor-inner-section elementor-element elementor-element-cbead1f elementor-section-full_width elementor-section-height-default elementor-section-height-default\" data-id=\"cbead1f\" data-element_type=\"section\" data-e-type=\"section\">\n\t\t\t\t\t\t<div class=\"elementor-container elementor-column-gap-default\">\n\t\t\t\t\t<div class=\"elementor-column elementor-col-33 elementor-inner-column elementor-element elementor-element-a5015e0\" data-id=\"a5015e0\" data-element_type=\"column\" data-e-type=\"column\">\n\t\t\t<div class=\"elementor-widget-wrap elementor-element-populated\">\n\t\t\t\t\t\t<div class=\"elementor-element elementor-element-bc07c9a elementor-widget-divider--view-line elementor-widget elementor-widget-divider\" data-id=\"bc07c9a\" data-element_type=\"widget\" data-e-type=\"widget\" data-widget_type=\"divider.default\">\n\t\t\t\t<div class=\"elementor-widget-container\">\n\t\t\t\t\t\t\t<div class=\"elementor-divider\">\n\t\t\t<span class=\"elementor-divider-separator\">\n\t\t\t\t\t\t<\/span>\n\t\t<\/div>\n\t\t\t\t\t\t<\/div>\n\t\t\t\t<\/div>\n\t\t\t\t\t<\/div>\n\t\t<\/div>\n\t\t\t\t<div class=\"elementor-column elementor-col-33 elementor-inner-column elementor-element elementor-element-468f9cb\" data-id=\"468f9cb\" data-element_type=\"column\" data-e-type=\"column\">\n\t\t\t<div class=\"elementor-widget-wrap elementor-element-populated\">\n\t\t\t\t\t\t<div class=\"elementor-element elementor-element-a6807eb elementor-widget elementor-widget-heading\" data-id=\"a6807eb\" data-element_type=\"widget\" data-e-type=\"widget\" data-widget_type=\"heading.default\">\n\t\t\t\t<div class=\"elementor-widget-container\">\n\t\t\t\t\t<h3 class=\"elementor-heading-title elementor-size-default\">colaboran<\/h3>\t\t\t\t<\/div>\n\t\t\t\t<\/div>\n\t\t\t\t\t<\/div>\n\t\t<\/div>\n\t\t\t\t<div class=\"elementor-column elementor-col-33 elementor-inner-column elementor-element elementor-element-91f206e\" data-id=\"91f206e\" data-element_type=\"column\" data-e-type=\"column\">\n\t\t\t<div class=\"elementor-widget-wrap elementor-element-populated\">\n\t\t\t\t\t\t<div class=\"elementor-element elementor-element-703cd08 elementor-widget__width-initial elementor-widget-divider--view-line elementor-widget elementor-widget-divider\" data-id=\"703cd08\" data-element_type=\"widget\" data-e-type=\"widget\" data-widget_type=\"divider.default\">\n\t\t\t\t<div class=\"elementor-widget-container\">\n\t\t\t\t\t\t\t<div class=\"elementor-divider\">\n\t\t\t<span class=\"elementor-divider-separator\">\n\t\t\t\t\t\t<\/span>\n\t\t<\/div>\n\t\t\t\t\t\t<\/div>\n\t\t\t\t<\/div>\n\t\t\t\t\t<\/div>\n\t\t<\/div>\n\t\t\t\t\t<\/div>\n\t\t<\/section>\n\t\t\t\t<div class=\"elementor-element elementor-element-c588c3b elementor-widget elementor-widget-jkit_client_logo\" data-id=\"c588c3b\" data-element_type=\"widget\" data-e-type=\"widget\" data-widget_type=\"jkit_client_logo.default\">\n\t\t\t\t<div class=\"elementor-widget-container\">\n\t\t\t\t\t<div  class=\"jeg-elementor-kit jkit-client-logo arrow-bottom-edge jeg_module__2_69f2e8001271e\"  data-id=\"jeg_module__2_69f2e8001271e\" data-settings=\"{&quot;autoplay&quot;:false,&quot;autoplay_speed&quot;:3500,&quot;autoplay_hover_pause&quot;:true,&quot;show_navigation&quot;:true,&quot;navigation_left&quot;:&quot;&lt;span&gt;&lt;i aria-hidden=\\&quot;true\\&quot; class=\\&quot;fas fa-angle-left\\&quot;&gt;&lt;\\\/i&gt;&lt;\\\/span&gt;&quot;,&quot;navigation_right&quot;:&quot;&lt;span&gt;&lt;i aria-hidden=\\&quot;true\\&quot; class=\\&quot;fas fa-angle-right\\&quot;&gt;&lt;\\\/i&gt;&lt;\\\/span&gt;&quot;,&quot;show_dots&quot;:false,&quot;arrow_position&quot;:&quot;bottom&quot;,&quot;responsive&quot;:{&quot;desktop&quot;:{&quot;items&quot;:7,&quot;margin&quot;:20,&quot;breakpoint&quot;:1025},&quot;tablet&quot;:{&quot;items&quot;:7,&quot;margin&quot;:20,&quot;breakpoint&quot;:768},&quot;mobile&quot;:{&quot;items&quot;:1,&quot;margin&quot;:20,&quot;breakpoint&quot;:0}}}\"><div class=\"client-list\"><div class=\"client-track\"><div class=\"client-slider item \"><div class=\"image-list\"><a href=\"https:\/\/alceno.com\/\" class=\"client-logo-link\" target=\"_blank\"><div class=\"content-image\"><img loading=\"lazy\" decoding=\"async\" width=\"284\" height=\"111\" src=\"https:\/\/www.torreviejagastronomica.com\/wp-content\/uploads\/2023\/10\/logo-alceno.png\" class=\"main-image\" alt=\"Alce\u00f1o\" \/><\/div><\/a><\/div><\/div><div class=\"client-slider item \"><div class=\"image-list\"><a href=\"https:\/\/www.agamed.es\/\" class=\"client-logo-link\" target=\"_blank\"><div class=\"content-image\"><img loading=\"lazy\" decoding=\"async\" width=\"174\" height=\"167\" src=\"https:\/\/www.torreviejagastronomica.com\/wp-content\/uploads\/2023\/10\/logo-agamed.png\" class=\"main-image\" alt=\"Agamed\" \/><\/div><\/a><\/div><\/div><div class=\"client-slider item \"><div class=\"image-list\"><a href=\"https:\/\/www.alimeco.es\/\" class=\"client-logo-link\" target=\"_blank\"><div class=\"content-image\"><img loading=\"lazy\" decoding=\"async\" width=\"485\" height=\"256\" src=\"https:\/\/www.torreviejagastronomica.com\/wp-content\/uploads\/2023\/10\/logo-alimeco.png\" class=\"main-image\" alt=\"Alimeco\" srcset=\"https:\/\/www.torreviejagastronomica.com\/wp-content\/uploads\/2023\/10\/logo-alimeco.png 485w, https:\/\/www.torreviejagastronomica.com\/wp-content\/uploads\/2023\/10\/logo-alimeco-300x158.png 300w\" sizes=\"(max-width: 485px) 100vw, 485px\" \/><\/div><\/a><\/div><\/div><div class=\"client-slider item \"><div class=\"image-list\"><a href=\"https:\/\/oremfi-by-aserpro.com\/\" class=\"client-logo-link\" target=\"_blank\"><div class=\"content-image\"><img loading=\"lazy\" decoding=\"async\" width=\"4693\" height=\"3508\" src=\"https:\/\/www.torreviejagastronomica.com\/wp-content\/uploads\/2023\/10\/logo-aserpro-oremfi.png\" class=\"main-image\" alt=\"Aserpro\" srcset=\"https:\/\/www.torreviejagastronomica.com\/wp-content\/uploads\/2023\/10\/logo-aserpro-oremfi.png 4693w, https:\/\/www.torreviejagastronomica.com\/wp-content\/uploads\/2023\/10\/logo-aserpro-oremfi-300x224.png 300w, https:\/\/www.torreviejagastronomica.com\/wp-content\/uploads\/2023\/10\/logo-aserpro-oremfi-1024x765.png 1024w, https:\/\/www.torreviejagastronomica.com\/wp-content\/uploads\/2023\/10\/logo-aserpro-oremfi-768x574.png 768w, https:\/\/www.torreviejagastronomica.com\/wp-content\/uploads\/2023\/10\/logo-aserpro-oremfi-1536x1148.png 1536w, https:\/\/www.torreviejagastronomica.com\/wp-content\/uploads\/2023\/10\/logo-aserpro-oremfi-2048x1531.png 2048w\" sizes=\"(max-width: 4693px) 100vw, 4693px\" \/><\/div><\/a><\/div><\/div><div class=\"client-slider item \"><div class=\"image-list\"><a href=\"https:\/\/atrianbakers.com\/\" class=\"client-logo-link\" target=\"_blank\"><div class=\"content-image\"><img loading=\"lazy\" decoding=\"async\" width=\"2560\" height=\"2134\" src=\"https:\/\/www.torreviejagastronomica.com\/wp-content\/uploads\/2023\/10\/Logo-atrian-bakers-scaled.jpeg\" class=\"main-image\" alt=\"Atrian Bakers\" srcset=\"https:\/\/www.torreviejagastronomica.com\/wp-content\/uploads\/2023\/10\/Logo-atrian-bakers-scaled.jpeg 2560w, https:\/\/www.torreviejagastronomica.com\/wp-content\/uploads\/2023\/10\/Logo-atrian-bakers-300x250.jpeg 300w, https:\/\/www.torreviejagastronomica.com\/wp-content\/uploads\/2023\/10\/Logo-atrian-bakers-1024x853.jpeg 1024w, https:\/\/www.torreviejagastronomica.com\/wp-content\/uploads\/2023\/10\/Logo-atrian-bakers-768x640.jpeg 768w, https:\/\/www.torreviejagastronomica.com\/wp-content\/uploads\/2023\/10\/Logo-atrian-bakers-1536x1280.jpeg 1536w, https:\/\/www.torreviejagastronomica.com\/wp-content\/uploads\/2023\/10\/Logo-atrian-bakers-2048x1707.jpeg 2048w\" sizes=\"(max-width: 2560px) 100vw, 2560px\" \/><\/div><\/a><\/div><\/div><div class=\"client-slider item \"><div class=\"image-list\"><a href=\"https:\/\/www.avatel.es\/\" class=\"client-logo-link\" target=\"_blank\"><div class=\"content-image\"><img loading=\"lazy\" decoding=\"async\" width=\"274\" height=\"120\" src=\"https:\/\/www.torreviejagastronomica.com\/wp-content\/uploads\/2023\/10\/logo-avatel.png\" class=\"main-image\" alt=\"Avatel\" \/><\/div><\/a><\/div><\/div><div class=\"client-slider item \"><div class=\"image-list\"><a href=\"https:\/\/www.asesoriacaesar.com\/\" class=\"client-logo-link\" target=\"_blank\"><div class=\"content-image\"><img loading=\"lazy\" decoding=\"async\" width=\"241\" height=\"159\" src=\"https:\/\/www.torreviejagastronomica.com\/wp-content\/uploads\/2023\/10\/logo-caesar-ok.png\" class=\"main-image\" alt=\"Caesar\" \/><\/div><\/a><\/div><\/div><div class=\"client-slider item \"><div class=\"image-list\"><a href=\"https:\/\/www.ruralcentral.es\/es\" class=\"client-logo-link\" target=\"_blank\"><div class=\"content-image\"><img loading=\"lazy\" decoding=\"async\" width=\"10536\" height=\"7390\" src=\"https:\/\/www.torreviejagastronomica.com\/wp-content\/uploads\/2023\/10\/logo-caja-rural-central.png\" class=\"main-image\" alt=\"Caja Rural\" srcset=\"https:\/\/www.torreviejagastronomica.com\/wp-content\/uploads\/2023\/10\/logo-caja-rural-central.png 10536w, https:\/\/www.torreviejagastronomica.com\/wp-content\/uploads\/2023\/10\/logo-caja-rural-central-300x210.png 300w, https:\/\/www.torreviejagastronomica.com\/wp-content\/uploads\/2023\/10\/logo-caja-rural-central-1024x718.png 1024w, https:\/\/www.torreviejagastronomica.com\/wp-content\/uploads\/2023\/10\/logo-caja-rural-central-768x539.png 768w, https:\/\/www.torreviejagastronomica.com\/wp-content\/uploads\/2023\/10\/logo-caja-rural-central-1536x1077.png 1536w, https:\/\/www.torreviejagastronomica.com\/wp-content\/uploads\/2023\/10\/logo-caja-rural-central-2048x1436.png 2048w\" sizes=\"(max-width: 10536px) 100vw, 10536px\" \/><\/div><\/a><\/div><\/div><div class=\"client-slider item \"><div class=\"image-list\"><a href=\"https:\/\/cansumoi.cat\/\" class=\"client-logo-link\" target=\"_blank\"><div class=\"content-image\"><img loading=\"lazy\" decoding=\"async\" width=\"388\" height=\"100\" src=\"https:\/\/www.torreviejagastronomica.com\/wp-content\/uploads\/2023\/10\/logo-can-sumoi.png\" class=\"main-image\" alt=\"Can Sumoi\" srcset=\"https:\/\/www.torreviejagastronomica.com\/wp-content\/uploads\/2023\/10\/logo-can-sumoi.png 388w, https:\/\/www.torreviejagastronomica.com\/wp-content\/uploads\/2023\/10\/logo-can-sumoi-300x77.png 300w\" sizes=\"(max-width: 388px) 100vw, 388px\" \/><\/div><\/a><\/div><\/div><div class=\"client-slider item \"><div class=\"image-list\"><a href=\"https:\/\/www.chocolatesmarcostonda.com\/\" class=\"client-logo-link\" target=\"_blank\"><div class=\"content-image\"><img loading=\"lazy\" decoding=\"async\" width=\"621\" height=\"415\" src=\"https:\/\/www.torreviejagastronomica.com\/wp-content\/uploads\/2023\/10\/logo-chocolates-tonda.png\" class=\"main-image\" alt=\"Chocolates Tonda\" srcset=\"https:\/\/www.torreviejagastronomica.com\/wp-content\/uploads\/2023\/10\/logo-chocolates-tonda.png 621w, https:\/\/www.torreviejagastronomica.com\/wp-content\/uploads\/2023\/10\/logo-chocolates-tonda-300x200.png 300w\" sizes=\"(max-width: 621px) 100vw, 621px\" \/><\/div><\/a><\/div><\/div><div class=\"client-slider item \"><div class=\"image-list\"><a href=\"https:\/\/cocacola.es\" class=\"client-logo-link\" target=\"_blank\"><div class=\"content-image\"><img loading=\"lazy\" decoding=\"async\" width=\"628\" height=\"197\" src=\"https:\/\/www.torreviejagastronomica.com\/wp-content\/uploads\/2023\/10\/logo-coca-cola.png\" class=\"main-image\" alt=\"Coca Cola\" srcset=\"https:\/\/www.torreviejagastronomica.com\/wp-content\/uploads\/2023\/10\/logo-coca-cola.png 628w, https:\/\/www.torreviejagastronomica.com\/wp-content\/uploads\/2023\/10\/logo-coca-cola-300x94.png 300w\" sizes=\"(max-width: 628px) 100vw, 628px\" \/><\/div><\/a><\/div><\/div><div class=\"client-slider item \"><div class=\"image-list\"><a href=\"https:\/\/www.cocomun.com\/\" class=\"client-logo-link\" target=\"_blank\"><div class=\"content-image\"><img loading=\"lazy\" decoding=\"async\" width=\"190\" height=\"190\" src=\"https:\/\/www.torreviejagastronomica.com\/wp-content\/uploads\/2023\/10\/logo-cocomum.webp\" class=\"main-image\" alt=\"Cocomum\" srcset=\"https:\/\/www.torreviejagastronomica.com\/wp-content\/uploads\/2023\/10\/logo-cocomum.webp 190w, https:\/\/www.torreviejagastronomica.com\/wp-content\/uploads\/2023\/10\/logo-cocomum-150x150.webp 150w\" sizes=\"(max-width: 190px) 100vw, 190px\" \/><\/div><\/a><\/div><\/div><div class=\"client-slider item \"><div class=\"image-list\"><a href=\"http:\/\/www.convega.com\/\" class=\"client-logo-link\" target=\"_blank\"><div class=\"content-image\"><img loading=\"lazy\" decoding=\"async\" width=\"220\" height=\"80\" src=\"https:\/\/www.torreviejagastronomica.com\/wp-content\/uploads\/2023\/10\/logo-convega.png\" class=\"main-image\" alt=\"Convega\" \/><\/div><\/a><\/div><\/div><div class=\"client-slider item \"><div class=\"image-list\"><a href=\"https:\/\/www.dialsur.es\/\" class=\"client-logo-link\" target=\"_blank\"><div class=\"content-image\"><img loading=\"lazy\" decoding=\"async\" width=\"843\" height=\"568\" src=\"https:\/\/www.torreviejagastronomica.com\/wp-content\/uploads\/2023\/10\/logo-dialsur.jpg\" class=\"main-image\" alt=\"Dialsur\" srcset=\"https:\/\/www.torreviejagastronomica.com\/wp-content\/uploads\/2023\/10\/logo-dialsur.jpg 843w, https:\/\/www.torreviejagastronomica.com\/wp-content\/uploads\/2023\/10\/logo-dialsur-300x202.jpg 300w, https:\/\/www.torreviejagastronomica.com\/wp-content\/uploads\/2023\/10\/logo-dialsur-768x517.jpg 768w\" sizes=\"(max-width: 843px) 100vw, 843px\" \/><\/div><\/a><\/div><\/div><div class=\"client-slider item \"><div class=\"image-list\"><a href=\"https:\/\/www.hostelcamp.com\/\" class=\"client-logo-link\" target=\"_blank\"><div class=\"content-image\"><img loading=\"lazy\" decoding=\"async\" width=\"1000\" height=\"350\" src=\"https:\/\/www.torreviejagastronomica.com\/wp-content\/uploads\/2023\/10\/logo-hostel-camp.png\" class=\"main-image\" alt=\"Hostel Camp\" srcset=\"https:\/\/www.torreviejagastronomica.com\/wp-content\/uploads\/2023\/10\/logo-hostel-camp.png 1000w, https:\/\/www.torreviejagastronomica.com\/wp-content\/uploads\/2023\/10\/logo-hostel-camp-300x105.png 300w, https:\/\/www.torreviejagastronomica.com\/wp-content\/uploads\/2023\/10\/logo-hostel-camp-768x269.png 768w\" sizes=\"(max-width: 1000px) 100vw, 1000px\" \/><\/div><\/a><\/div><\/div><div class=\"client-slider item \"><div class=\"image-list\"><a href=\"http:\/\/www.infrimedtorrevieja.com\/\" class=\"client-logo-link\" target=\"_blank\"><div class=\"content-image\"><img loading=\"lazy\" decoding=\"async\" width=\"214\" height=\"178\" src=\"https:\/\/www.torreviejagastronomica.com\/wp-content\/uploads\/2023\/10\/logo-infrimed.png\" class=\"main-image\" alt=\"Infrimed\" \/><\/div><\/a><\/div><\/div><div class=\"client-slider item \"><div class=\"image-list\"><a href=\"http:\/\/www.mahou.es\" class=\"client-logo-link\" target=\"_blank\"><div class=\"content-image\"><img loading=\"lazy\" decoding=\"async\" width=\"552\" height=\"242\" src=\"https:\/\/www.torreviejagastronomica.com\/wp-content\/uploads\/2023\/10\/logo-mahou.png\" class=\"main-image\" alt=\"Mahou\" srcset=\"https:\/\/www.torreviejagastronomica.com\/wp-content\/uploads\/2023\/10\/logo-mahou.png 552w, https:\/\/www.torreviejagastronomica.com\/wp-content\/uploads\/2023\/10\/logo-mahou-300x132.png 300w\" sizes=\"(max-width: 552px) 100vw, 552px\" \/><\/div><\/a><\/div><\/div><div class=\"client-slider item \"><div class=\"image-list\"><a href=\"https:\/\/www.pescadoslorca.com\/\" class=\"client-logo-link\" target=\"_blank\"><div class=\"content-image\"><img loading=\"lazy\" decoding=\"async\" width=\"379\" height=\"467\" src=\"https:\/\/www.torreviejagastronomica.com\/wp-content\/uploads\/2023\/10\/logo-pescados-lorca.png\" class=\"main-image\" alt=\"Pescados Lorca\" srcset=\"https:\/\/www.torreviejagastronomica.com\/wp-content\/uploads\/2023\/10\/logo-pescados-lorca.png 379w, https:\/\/www.torreviejagastronomica.com\/wp-content\/uploads\/2023\/10\/logo-pescados-lorca-243x300.png 243w\" sizes=\"(max-width: 379px) 100vw, 379px\" \/><\/div><\/a><\/div><\/div><div class=\"client-slider item \"><div class=\"image-list\"><a href=\"https:\/\/www.facebook.com\/Suministros-Hosteler%C3%ADa-Pina-1658219137751597\/\" class=\"client-logo-link\" target=\"_blank\"><div class=\"content-image\"><img loading=\"lazy\" decoding=\"async\" width=\"134\" height=\"178\" src=\"https:\/\/www.torreviejagastronomica.com\/wp-content\/uploads\/2023\/10\/logo-pina.png\" class=\"main-image\" alt=\"Pina\" \/><\/div><\/a><\/div><\/div><div class=\"client-slider item \"><div class=\"image-list\"><a href=\"https:\/\/www.pulsar-energy.com\/\" class=\"client-logo-link\" target=\"_blank\"><div class=\"content-image\"><img loading=\"lazy\" decoding=\"async\" width=\"277\" height=\"81\" src=\"https:\/\/www.torreviejagastronomica.com\/wp-content\/uploads\/2023\/10\/logo-pulsar-energy.png\" class=\"main-image\" alt=\"Pulsar Energy\" \/><\/div><\/a><\/div><\/div><div class=\"client-slider item \"><div class=\"image-list\"><a href=\"https:\/\/www.roldannetya.com\/\" class=\"client-logo-link\" target=\"_blank\"><div class=\"content-image\"><img loading=\"lazy\" decoding=\"async\" width=\"260\" height=\"161\" src=\"https:\/\/www.torreviejagastronomica.com\/wp-content\/uploads\/2023\/10\/logo-roldan-netya.png\" class=\"main-image\" alt=\"Rold\u00e1n Netya\" \/><\/div><\/a><\/div><\/div><div class=\"client-slider item \"><div class=\"image-list\"><a href=\"https:\/\/www.cocacolaespana.es\/bebidas\/royal-bliss\" class=\"client-logo-link\" target=\"_blank\"><div class=\"content-image\"><img loading=\"lazy\" decoding=\"async\" width=\"454\" height=\"385\" src=\"https:\/\/www.torreviejagastronomica.com\/wp-content\/uploads\/2023\/10\/logo-royal-bliss.png\" class=\"main-image\" alt=\"Royal Bliss\" srcset=\"https:\/\/www.torreviejagastronomica.com\/wp-content\/uploads\/2023\/10\/logo-royal-bliss.png 454w, https:\/\/www.torreviejagastronomica.com\/wp-content\/uploads\/2023\/10\/logo-royal-bliss-300x254.png 300w\" sizes=\"(max-width: 454px) 100vw, 454px\" \/><\/div><\/a><\/div><\/div><div class=\"client-slider item \"><div class=\"image-list\"><a href=\"https:\/\/www.suministrossalazar.com\/\" class=\"client-logo-link\" target=\"_blank\"><div class=\"content-image\"><img loading=\"lazy\" decoding=\"async\" width=\"2560\" height=\"854\" src=\"https:\/\/www.torreviejagastronomica.com\/wp-content\/uploads\/2023\/10\/logo-salazar_logo_color_horizontal_aehtc-2017-scaled.jpeg\" class=\"main-image\" alt=\"Salazar\" srcset=\"https:\/\/www.torreviejagastronomica.com\/wp-content\/uploads\/2023\/10\/logo-salazar_logo_color_horizontal_aehtc-2017-scaled.jpeg 2560w, https:\/\/www.torreviejagastronomica.com\/wp-content\/uploads\/2023\/10\/logo-salazar_logo_color_horizontal_aehtc-2017-300x100.jpeg 300w, https:\/\/www.torreviejagastronomica.com\/wp-content\/uploads\/2023\/10\/logo-salazar_logo_color_horizontal_aehtc-2017-1024x341.jpeg 1024w, https:\/\/www.torreviejagastronomica.com\/wp-content\/uploads\/2023\/10\/logo-salazar_logo_color_horizontal_aehtc-2017-768x256.jpeg 768w, https:\/\/www.torreviejagastronomica.com\/wp-content\/uploads\/2023\/10\/logo-salazar_logo_color_horizontal_aehtc-2017-1536x512.jpeg 1536w, https:\/\/www.torreviejagastronomica.com\/wp-content\/uploads\/2023\/10\/logo-salazar_logo_color_horizontal_aehtc-2017-2048x683.jpeg 2048w\" sizes=\"(max-width: 2560px) 100vw, 2560px\" \/><\/div><\/a><\/div><\/div><div class=\"client-slider item \"><div class=\"image-list\"><a href=\"https:\/\/torrevieja.com\" class=\"client-logo-link\"><div class=\"content-image\"><img loading=\"lazy\" decoding=\"async\" width=\"1349\" height=\"164\" src=\"https:\/\/www.torreviejagastronomica.com\/wp-content\/uploads\/2023\/10\/logo-torrevieja-com.png\" class=\"main-image\" alt=\"Torrevieja.com\" srcset=\"https:\/\/www.torreviejagastronomica.com\/wp-content\/uploads\/2023\/10\/logo-torrevieja-com.png 1349w, https:\/\/www.torreviejagastronomica.com\/wp-content\/uploads\/2023\/10\/logo-torrevieja-com-300x36.png 300w, https:\/\/www.torreviejagastronomica.com\/wp-content\/uploads\/2023\/10\/logo-torrevieja-com-1024x124.png 1024w, https:\/\/www.torreviejagastronomica.com\/wp-content\/uploads\/2023\/10\/logo-torrevieja-com-768x93.png 768w\" sizes=\"(max-width: 1349px) 100vw, 1349px\" \/><\/div><\/a><\/div><\/div><div class=\"client-slider item \"><div class=\"image-list\"><a href=\"https:\/\/textildani.com\/\" class=\"client-logo-link\" target=\"_blank\"><div class=\"content-image\"><img loading=\"lazy\" decoding=\"async\" width=\"219\" height=\"122\" src=\"https:\/\/www.torreviejagastronomica.com\/wp-content\/uploads\/2023\/10\/logo-uniformes-dani.png\" class=\"main-image\" alt=\"Uniformes Dani\" \/><\/div><\/a><\/div><\/div><div class=\"client-slider item \"><div class=\"image-list\"><a href=\"https:\/\/lavegabajadelsegura.com\/\" class=\"client-logo-link\" target=\"_blank\"><div class=\"content-image\"><img loading=\"lazy\" decoding=\"async\" width=\"160\" height=\"79\" src=\"https:\/\/www.torreviejagastronomica.com\/wp-content\/uploads\/2023\/10\/logo-vega-baja.png\" class=\"main-image\" alt=\"Vega Baja\" \/><\/div><\/a><\/div><\/div><div class=\"client-slider item \"><div class=\"image-list\"><a href=\"https:\/\/vegatolosa.com\/\" class=\"client-logo-link\" target=\"_blank\"><div class=\"content-image\"><img loading=\"lazy\" decoding=\"async\" width=\"306\" height=\"183\" src=\"https:\/\/www.torreviejagastronomica.com\/wp-content\/uploads\/2023\/10\/logo-vega-tolosa.png\" class=\"main-image\" alt=\"Vega Tolosa\" srcset=\"https:\/\/www.torreviejagastronomica.com\/wp-content\/uploads\/2023\/10\/logo-vega-tolosa.png 306w, https:\/\/www.torreviejagastronomica.com\/wp-content\/uploads\/2023\/10\/logo-vega-tolosa-300x179.png 300w\" sizes=\"(max-width: 306px) 100vw, 306px\" \/><\/div><\/a><\/div><\/div><\/div><\/div><\/div>\t\t\t\t<\/div>\n\t\t\t\t<\/div>\n\t\t\t\t\t<\/div>\n\t\t<\/div>\n\t\t\t\t\t<\/div>\n\t\t<\/section>\n\t\t\t\t<\/div>\n\t\t","protected":false},"excerpt":{"rendered":"<p>VIII FESTIVAL GASTROCULTURAL DE LA VEGA BAJA Descarga la programaci\u00f3n Show CookingCatasAnimaci\u00f3n musicalActividades para ni\u00f1os Gracias al esfuerzo y el trabajo de todas las partes implicadas en la organizaci\u00f3n de las siete ediciones anteriores de Gastrovegabaja estamos consiguiendo convertir este Festival en un referente dentro del mundo de la gastronom\u00eda no solo en la provincia [&hellip;]<\/p>\n","protected":false},"author":4,"featured_media":0,"parent":0,"menu_order":0,"comment_status":"closed","ping_status":"closed","template":"elementor_header_footer","meta":{"footnotes":""},"class_list":["post-4104","page","type-page","status-publish","hentry"],"yoast_head":"<!-- This site is optimized with the Yoast SEO plugin v25.7 - https:\/\/yoast.com\/wordpress\/plugins\/seo\/ -->\n<title>Evento Gastrovegabaja 2023 | VIII Festival Gastrocultural Vegabaja<\/title>\n<meta name=\"description\" content=\"Disfruta de una experiencia culinaria \u00fanica que te llevar\u00e1 a explorar los platos tradicionales y las delicias locales de esta hermosa regi\u00f3n.\" \/>\n<meta name=\"robots\" content=\"index, follow, max-snippet:-1, max-image-preview:large, max-video-preview:-1\" \/>\n<link rel=\"canonical\" href=\"https:\/\/www.torreviejagastronomica.com\/es\/gastrovegabaja-2023\/\" \/>\n<meta property=\"og:locale\" content=\"es_ES\" \/>\n<meta property=\"og:type\" content=\"article\" \/>\n<meta property=\"og:title\" content=\"Evento Gastrovegabaja 2023 | VIII Festival Gastrocultural Vegabaja\" \/>\n<meta property=\"og:description\" content=\"Disfruta de una experiencia culinaria \u00fanica que te llevar\u00e1 a explorar los platos tradicionales y las delicias locales de esta hermosa regi\u00f3n.\" \/>\n<meta property=\"og:url\" content=\"https:\/\/www.torreviejagastronomica.com\/es\/gastrovegabaja-2023\/\" \/>\n<meta property=\"og:site_name\" content=\"Torrevieja Gastron\u00f3mica\" \/>\n<meta property=\"article:modified_time\" content=\"2025-08-06T14:10:43+00:00\" \/>\n<meta property=\"og:image\" content=\"https:\/\/www.torreviejagastronomica.com\/wp-content\/uploads\/2023\/10\/gastro-logo-blanco.png\" \/>\n\t<meta property=\"og:image:width\" content=\"1410\" \/>\n\t<meta property=\"og:image:height\" content=\"811\" \/>\n\t<meta property=\"og:image:type\" content=\"image\/png\" \/>\n<meta name=\"twitter:card\" content=\"summary_large_image\" \/>\n<meta name=\"twitter:label1\" content=\"Tiempo de lectura\" \/>\n\t<meta name=\"twitter:data1\" content=\"13 minutos\" \/>\n<script type=\"application\/ld+json\" class=\"yoast-schema-graph\">{\"@context\":\"https:\/\/schema.org\",\"@graph\":[{\"@type\":\"WebPage\",\"@id\":\"https:\/\/www.torreviejagastronomica.com\/es\/gastrovegabaja-2023\/\",\"url\":\"https:\/\/www.torreviejagastronomica.com\/es\/gastrovegabaja-2023\/\",\"name\":\"Evento Gastrovegabaja 2023 | VIII Festival Gastrocultural Vegabaja\",\"isPartOf\":{\"@id\":\"https:\/\/www.torreviejagastronomica.com\/#website\"},\"primaryImageOfPage\":{\"@id\":\"https:\/\/www.torreviejagastronomica.com\/es\/gastrovegabaja-2023\/#primaryimage\"},\"image\":{\"@id\":\"https:\/\/www.torreviejagastronomica.com\/es\/gastrovegabaja-2023\/#primaryimage\"},\"thumbnailUrl\":\"https:\/\/www.torreviejagastronomica.com\/wp-content\/uploads\/2023\/10\/gastro-logo-blanco.png\",\"datePublished\":\"2023-10-06T10:52:30+00:00\",\"dateModified\":\"2025-08-06T14:10:43+00:00\",\"description\":\"Disfruta de una experiencia culinaria \u00fanica que te llevar\u00e1 a explorar los platos tradicionales y las delicias locales de esta hermosa regi\u00f3n.\",\"breadcrumb\":{\"@id\":\"https:\/\/www.torreviejagastronomica.com\/es\/gastrovegabaja-2023\/#breadcrumb\"},\"inLanguage\":\"es\",\"potentialAction\":[{\"@type\":\"ReadAction\",\"target\":[\"https:\/\/www.torreviejagastronomica.com\/es\/gastrovegabaja-2023\/\"]}]},{\"@type\":\"ImageObject\",\"inLanguage\":\"es\",\"@id\":\"https:\/\/www.torreviejagastronomica.com\/es\/gastrovegabaja-2023\/#primaryimage\",\"url\":\"https:\/\/www.torreviejagastronomica.com\/wp-content\/uploads\/2023\/10\/gastro-logo-blanco.png\",\"contentUrl\":\"https:\/\/www.torreviejagastronomica.com\/wp-content\/uploads\/2023\/10\/gastro-logo-blanco.png\"},{\"@type\":\"BreadcrumbList\",\"@id\":\"https:\/\/www.torreviejagastronomica.com\/es\/gastrovegabaja-2023\/#breadcrumb\",\"itemListElement\":[{\"@type\":\"ListItem\",\"position\":1,\"name\":\"Portada\",\"item\":\"https:\/\/www.torreviejagastronomica.com\/\"},{\"@type\":\"ListItem\",\"position\":2,\"name\":\"Gastrovegabaja\"}]},{\"@type\":\"WebSite\",\"@id\":\"https:\/\/www.torreviejagastronomica.com\/#website\",\"url\":\"https:\/\/www.torreviejagastronomica.com\/\",\"name\":\"Torrevieja Gastron\u00f3mica\",\"description\":\"Asociaci\u00f3n Hosteler\u00eda Torrevieja y Comarca\",\"publisher\":{\"@id\":\"https:\/\/www.torreviejagastronomica.com\/#organization\"},\"potentialAction\":[{\"@type\":\"SearchAction\",\"target\":{\"@type\":\"EntryPoint\",\"urlTemplate\":\"https:\/\/www.torreviejagastronomica.com\/?s={search_term_string}\"},\"query-input\":{\"@type\":\"PropertyValueSpecification\",\"valueRequired\":true,\"valueName\":\"search_term_string\"}}],\"inLanguage\":\"es\"},{\"@type\":\"Organization\",\"@id\":\"https:\/\/www.torreviejagastronomica.com\/#organization\",\"name\":\"Torrevieja Gastron\u00f3mica\",\"url\":\"https:\/\/www.torreviejagastronomica.com\/\",\"logo\":{\"@type\":\"ImageObject\",\"inLanguage\":\"es\",\"@id\":\"https:\/\/www.torreviejagastronomica.com\/#\/schema\/logo\/image\/\",\"url\":\"https:\/\/www.torreviejagastronomica.com\/wp-content\/uploads\/2023\/09\/Logo-Torrevieja-Gastronomica.png\",\"contentUrl\":\"https:\/\/www.torreviejagastronomica.com\/wp-content\/uploads\/2023\/09\/Logo-Torrevieja-Gastronomica.png\",\"width\":350,\"height\":100,\"caption\":\"Torrevieja Gastron\u00f3mica\"},\"image\":{\"@id\":\"https:\/\/www.torreviejagastronomica.com\/#\/schema\/logo\/image\/\"}}]}<\/script>\n<!-- \/ Yoast SEO plugin. -->","yoast_head_json":{"title":"Evento Gastrovegabaja 2023 | VIII Festival Gastrocultural Vegabaja","description":"Disfruta de una experiencia culinaria \u00fanica que te llevar\u00e1 a explorar los platos tradicionales y las delicias locales de esta hermosa regi\u00f3n.","robots":{"index":"index","follow":"follow","max-snippet":"max-snippet:-1","max-image-preview":"max-image-preview:large","max-video-preview":"max-video-preview:-1"},"canonical":"https:\/\/www.torreviejagastronomica.com\/es\/gastrovegabaja-2023\/","og_locale":"es_ES","og_type":"article","og_title":"Evento Gastrovegabaja 2023 | VIII Festival Gastrocultural Vegabaja","og_description":"Disfruta de una experiencia culinaria \u00fanica que te llevar\u00e1 a explorar los platos tradicionales y las delicias locales de esta hermosa regi\u00f3n.","og_url":"https:\/\/www.torreviejagastronomica.com\/es\/gastrovegabaja-2023\/","og_site_name":"Torrevieja Gastron\u00f3mica","article_modified_time":"2025-08-06T14:10:43+00:00","og_image":[{"width":1410,"height":811,"url":"https:\/\/www.torreviejagastronomica.com\/wp-content\/uploads\/2023\/10\/gastro-logo-blanco.png","type":"image\/png"}],"twitter_card":"summary_large_image","twitter_misc":{"Tiempo de lectura":"13 minutos"},"schema":{"@context":"https:\/\/schema.org","@graph":[{"@type":"WebPage","@id":"https:\/\/www.torreviejagastronomica.com\/es\/gastrovegabaja-2023\/","url":"https:\/\/www.torreviejagastronomica.com\/es\/gastrovegabaja-2023\/","name":"Evento Gastrovegabaja 2023 | VIII Festival Gastrocultural Vegabaja","isPartOf":{"@id":"https:\/\/www.torreviejagastronomica.com\/#website"},"primaryImageOfPage":{"@id":"https:\/\/www.torreviejagastronomica.com\/es\/gastrovegabaja-2023\/#primaryimage"},"image":{"@id":"https:\/\/www.torreviejagastronomica.com\/es\/gastrovegabaja-2023\/#primaryimage"},"thumbnailUrl":"https:\/\/www.torreviejagastronomica.com\/wp-content\/uploads\/2023\/10\/gastro-logo-blanco.png","datePublished":"2023-10-06T10:52:30+00:00","dateModified":"2025-08-06T14:10:43+00:00","description":"Disfruta de una experiencia culinaria \u00fanica que te llevar\u00e1 a explorar los platos tradicionales y las delicias locales de esta hermosa regi\u00f3n.","breadcrumb":{"@id":"https:\/\/www.torreviejagastronomica.com\/es\/gastrovegabaja-2023\/#breadcrumb"},"inLanguage":"es","potentialAction":[{"@type":"ReadAction","target":["https:\/\/www.torreviejagastronomica.com\/es\/gastrovegabaja-2023\/"]}]},{"@type":"ImageObject","inLanguage":"es","@id":"https:\/\/www.torreviejagastronomica.com\/es\/gastrovegabaja-2023\/#primaryimage","url":"https:\/\/www.torreviejagastronomica.com\/wp-content\/uploads\/2023\/10\/gastro-logo-blanco.png","contentUrl":"https:\/\/www.torreviejagastronomica.com\/wp-content\/uploads\/2023\/10\/gastro-logo-blanco.png"},{"@type":"BreadcrumbList","@id":"https:\/\/www.torreviejagastronomica.com\/es\/gastrovegabaja-2023\/#breadcrumb","itemListElement":[{"@type":"ListItem","position":1,"name":"Portada","item":"https:\/\/www.torreviejagastronomica.com\/"},{"@type":"ListItem","position":2,"name":"Gastrovegabaja"}]},{"@type":"WebSite","@id":"https:\/\/www.torreviejagastronomica.com\/#website","url":"https:\/\/www.torreviejagastronomica.com\/","name":"Torrevieja Gastron\u00f3mica","description":"Asociaci\u00f3n Hosteler\u00eda Torrevieja y Comarca","publisher":{"@id":"https:\/\/www.torreviejagastronomica.com\/#organization"},"potentialAction":[{"@type":"SearchAction","target":{"@type":"EntryPoint","urlTemplate":"https:\/\/www.torreviejagastronomica.com\/?s={search_term_string}"},"query-input":{"@type":"PropertyValueSpecification","valueRequired":true,"valueName":"search_term_string"}}],"inLanguage":"es"},{"@type":"Organization","@id":"https:\/\/www.torreviejagastronomica.com\/#organization","name":"Torrevieja Gastron\u00f3mica","url":"https:\/\/www.torreviejagastronomica.com\/","logo":{"@type":"ImageObject","inLanguage":"es","@id":"https:\/\/www.torreviejagastronomica.com\/#\/schema\/logo\/image\/","url":"https:\/\/www.torreviejagastronomica.com\/wp-content\/uploads\/2023\/09\/Logo-Torrevieja-Gastronomica.png","contentUrl":"https:\/\/www.torreviejagastronomica.com\/wp-content\/uploads\/2023\/09\/Logo-Torrevieja-Gastronomica.png","width":350,"height":100,"caption":"Torrevieja Gastron\u00f3mica"},"image":{"@id":"https:\/\/www.torreviejagastronomica.com\/#\/schema\/logo\/image\/"}}]}},"_links":{"self":[{"href":"https:\/\/www.torreviejagastronomica.com\/es\/wp-json\/wp\/v2\/pages\/4104","targetHints":{"allow":["GET"]}}],"collection":[{"href":"https:\/\/www.torreviejagastronomica.com\/es\/wp-json\/wp\/v2\/pages"}],"about":[{"href":"https:\/\/www.torreviejagastronomica.com\/es\/wp-json\/wp\/v2\/types\/page"}],"author":[{"embeddable":true,"href":"https:\/\/www.torreviejagastronomica.com\/es\/wp-json\/wp\/v2\/users\/4"}],"replies":[{"embeddable":true,"href":"https:\/\/www.torreviejagastronomica.com\/es\/wp-json\/wp\/v2\/comments?post=4104"}],"version-history":[{"count":176,"href":"https:\/\/www.torreviejagastronomica.com\/es\/wp-json\/wp\/v2\/pages\/4104\/revisions"}],"predecessor-version":[{"id":6640,"href":"https:\/\/www.torreviejagastronomica.com\/es\/wp-json\/wp\/v2\/pages\/4104\/revisions\/6640"}],"wp:attachment":[{"href":"https:\/\/www.torreviejagastronomica.com\/es\/wp-json\/wp\/v2\/media?parent=4104"}],"curies":[{"name":"wp","href":"https:\/\/api.w.org\/{rel}","templated":true}]}}