{"id":3619,"date":"2023-09-27T12:33:27","date_gmt":"2023-09-27T10:33:27","guid":{"rendered":"https:\/\/www.torreviejagastronomica.com\/?page_id=3619"},"modified":"2023-09-27T13:00:56","modified_gmt":"2023-09-27T11:00:56","slug":"vii-edicion-international-tapas-day-in-torrevieja","status":"publish","type":"page","link":"https:\/\/www.torreviejagastronomica.com\/es\/vii-edicion-international-tapas-day-in-torrevieja\/","title":{"rendered":"VII Edici\u00f3n International Tapas Day in Torrevieja"},"content":{"rendered":"\t\t<div data-elementor-type=\"wp-page\" data-elementor-id=\"3619\" class=\"elementor elementor-3619\" data-elementor-post-type=\"page\">\n\t\t\t\t\t\t<section class=\"elementor-section elementor-top-section elementor-element elementor-element-6534f127 elementor-section-content-middle elementor-section-boxed elementor-section-height-default elementor-section-height-default\" data-id=\"6534f127\" data-element_type=\"section\" data-e-type=\"section\" data-settings=\"{&quot;background_background&quot;:&quot;classic&quot;}\">\n\t\t\t\t\t\t\t<div class=\"elementor-background-overlay\"><\/div>\n\t\t\t\t\t\t\t<div class=\"elementor-container elementor-column-gap-default\">\n\t\t\t\t\t<div class=\"elementor-column elementor-col-50 elementor-top-column elementor-element elementor-element-3ef0b93d\" data-id=\"3ef0b93d\" data-element_type=\"column\" data-e-type=\"column\">\n\t\t\t<div class=\"elementor-widget-wrap elementor-element-populated\">\n\t\t\t\t\t\t<div class=\"elementor-element elementor-element-588c3aaf elementor-widget elementor-widget-heading\" data-id=\"588c3aaf\" data-element_type=\"widget\" data-e-type=\"widget\" data-widget_type=\"heading.default\">\n\t\t\t\t<div class=\"elementor-widget-container\">\n\t\t\t\t\t<h2 class=\"elementor-heading-title elementor-size-default\">Eventos<\/h2>\t\t\t\t<\/div>\n\t\t\t\t<\/div>\n\t\t\t\t<div class=\"elementor-element elementor-element-6372ecf0 elementor-align-start elementor-icon-list--layout-inline elementor-mobile-align-start elementor-list-item-link-full_width elementor-widget elementor-widget-icon-list\" data-id=\"6372ecf0\" data-element_type=\"widget\" data-e-type=\"widget\" data-widget_type=\"icon-list.default\">\n\t\t\t\t<div class=\"elementor-widget-container\">\n\t\t\t\t\t\t\t<ul class=\"elementor-icon-list-items elementor-inline-items\">\n\t\t\t\t\t\t\t<li class=\"elementor-icon-list-item elementor-inline-item\">\n\t\t\t\t\t\t\t\t\t\t<span class=\"elementor-icon-list-text\">International Tapas Day<\/span>\n\t\t\t\t\t\t\t\t\t<\/li>\n\t\t\t\t\t\t<\/ul>\n\t\t\t\t\t\t<\/div>\n\t\t\t\t<\/div>\n\t\t\t\t\t<\/div>\n\t\t<\/div>\n\t\t\t\t<div class=\"elementor-column elementor-col-50 elementor-top-column elementor-element elementor-element-8be7de0\" data-id=\"8be7de0\" data-element_type=\"column\" data-e-type=\"column\">\n\t\t\t<div class=\"elementor-widget-wrap\">\n\t\t\t\t\t\t\t<\/div>\n\t\t<\/div>\n\t\t\t\t\t<\/div>\n\t\t<\/section>\n\t\t\t\t<section class=\"elementor-section elementor-top-section elementor-element elementor-element-4a60c02a elementor-section-boxed elementor-section-height-default elementor-section-height-default\" data-id=\"4a60c02a\" data-element_type=\"section\" data-e-type=\"section\" data-settings=\"{&quot;background_background&quot;:&quot;classic&quot;}\">\n\t\t\t\t\t\t\t<div class=\"elementor-background-overlay\"><\/div>\n\t\t\t\t\t\t\t<div class=\"elementor-container elementor-column-gap-default\">\n\t\t\t\t\t<div class=\"elementor-column elementor-col-100 elementor-top-column elementor-element elementor-element-1fd75e2b\" data-id=\"1fd75e2b\" data-element_type=\"column\" data-e-type=\"column\">\n\t\t\t<div class=\"elementor-widget-wrap elementor-element-populated\">\n\t\t\t\t\t\t<div class=\"elementor-element elementor-element-59960fbb elementor-widget elementor-widget-heading\" data-id=\"59960fbb\" data-element_type=\"widget\" data-e-type=\"widget\" data-widget_type=\"heading.default\">\n\t\t\t\t<div class=\"elementor-widget-container\">\n\t\t\t\t\t<h2 class=\"elementor-heading-title elementor-size-default\">VII EDICI\u00d3N INTERNATIONAL TAPAS DAY IN TORREVIEJA<\/h2>\t\t\t\t<\/div>\n\t\t\t\t<\/div>\n\t\t\t\t<div class=\"elementor-element elementor-element-1cd76ae7 elementor-widget elementor-widget-heading\" data-id=\"1cd76ae7\" data-element_type=\"widget\" data-e-type=\"widget\" data-widget_type=\"heading.default\">\n\t\t\t\t<div class=\"elementor-widget-container\">\n\t\t\t\t\t<h2 class=\"elementor-heading-title elementor-size-default\"><span style=\"font-size: 20px;text-align: start\">La&nbsp;<\/span><span style=\"font-weight: 700;font-size: 20px;text-align: start\">A<\/span><span style=\"font-weight: bolder;font-size: 20px;text-align: start\">sociaci\u00f3n de Empresas de Hosteleria de Torrevieja y Comarca&nbsp;<\/span><span style=\"font-size: 20px;text-align: start\">con motivo del<\/span><span style=\"font-weight: bolder;font-size: 20px;text-align: start\">&nbsp;D\u00eda Mundial de la Tapa,&nbsp;<\/span><span style=\"font-size: 20px;text-align: start\">los restaurantes asociados participantes ofrecen sus mejores tapas.<\/span><\/h2>\t\t\t\t<\/div>\n\t\t\t\t<\/div>\n\t\t\t\t<div class=\"elementor-element elementor-element-ca08669 elementor-widget-divider--view-line_icon elementor-widget-divider--separator-type-pattern elementor-view-default elementor-widget-divider--element-align-center elementor-widget elementor-widget-divider\" data-id=\"ca08669\" data-element_type=\"widget\" data-e-type=\"widget\" data-widget_type=\"divider.default\">\n\t\t\t\t<div class=\"elementor-widget-container\">\n\t\t\t\t\t\t\t<div class=\"elementor-divider\" style=\"--divider-pattern-url: url(&quot;data:image\/svg+xml,%3Csvg xmlns=&#039;http:\/\/www.w3.org\/2000\/svg&#039; preserveAspectRatio=&#039;none&#039; overflow=&#039;visible&#039; height=&#039;100%&#039; viewBox=&#039;0 0 24 24&#039; fill=&#039;none&#039; stroke=&#039;black&#039; stroke-width=&#039;1&#039; stroke-linecap=&#039;square&#039; stroke-miterlimit=&#039;10&#039;%3E%3Cpolyline points=&#039;0,18 12,6 24,18 &#039;\/%3E%3C\/svg%3E&quot;);\">\n\t\t\t<span class=\"elementor-divider-separator\">\n\t\t\t\t\t\t\t<div class=\"elementor-icon elementor-divider__element\">\n\t\t\t\t\t<i aria-hidden=\"true\" class=\"jki jki-star-of-life-solid\"><\/i><\/div>\n\t\t\t\t\t\t<\/span>\n\t\t<\/div>\n\t\t\t\t\t\t<\/div>\n\t\t\t\t<\/div>\n\t\t\t\t\t<\/div>\n\t\t<\/div>\n\t\t\t\t\t<\/div>\n\t\t<\/section>\n\t\t\t\t<section class=\"elementor-section elementor-top-section elementor-element elementor-element-5fb7cf8 elementor-section-boxed elementor-section-height-default elementor-section-height-default\" data-id=\"5fb7cf8\" data-element_type=\"section\" data-e-type=\"section\">\n\t\t\t\t\t\t<div class=\"elementor-container elementor-column-gap-default\">\n\t\t\t\t\t<div class=\"elementor-column elementor-col-50 elementor-top-column elementor-element elementor-element-aa52d6e\" data-id=\"aa52d6e\" data-element_type=\"column\" data-e-type=\"column\">\n\t\t\t<div class=\"elementor-widget-wrap elementor-element-populated\">\n\t\t\t\t\t\t<div class=\"elementor-element elementor-element-0397fd0 elementor-widget elementor-widget-image\" data-id=\"0397fd0\" data-element_type=\"widget\" data-e-type=\"widget\" data-widget_type=\"image.default\">\n\t\t\t\t<div class=\"elementor-widget-container\">\n\t\t\t\t\t\t\t\t\t\t\t\t\t\t\t<img fetchpriority=\"high\" decoding=\"async\" width=\"282\" height=\"437\" src=\"https:\/\/www.torreviejagastronomica.com\/wp-content\/uploads\/2023\/09\/international-tapas-day-2023.jpeg\" class=\"attachment-1536x1536 size-1536x1536 wp-image-3611\" alt=\"7 edici\u00f3n international tapas day\" srcset=\"https:\/\/www.torreviejagastronomica.com\/wp-content\/uploads\/2023\/09\/international-tapas-day-2023.jpeg 282w, https:\/\/www.torreviejagastronomica.com\/wp-content\/uploads\/2023\/09\/international-tapas-day-2023-194x300.jpeg 194w\" sizes=\"(max-width: 282px) 100vw, 282px\" \/>\t\t\t\t\t\t\t\t\t\t\t\t\t\t\t<\/div>\n\t\t\t\t<\/div>\n\t\t\t\t\t<\/div>\n\t\t<\/div>\n\t\t\t\t<div class=\"elementor-column elementor-col-50 elementor-top-column elementor-element elementor-element-b56fe2a\" data-id=\"b56fe2a\" data-element_type=\"column\" data-e-type=\"column\">\n\t\t\t<div class=\"elementor-widget-wrap elementor-element-populated\">\n\t\t\t\t\t\t<div class=\"elementor-element elementor-element-b45eef5 elementor-widget elementor-widget-text-editor\" data-id=\"b45eef5\" data-element_type=\"widget\" data-e-type=\"widget\" data-widget_type=\"text-editor.default\">\n\t\t\t\t<div class=\"elementor-widget-container\">\n\t\t\t\t\t\t\t\t\t<p>En esta edici\u00f3n participan un total de 13 establecimientos asociados y, tendr\u00e1 lugar el s\u00e1bado 30 de septiembre en horario de 12.00 a 16.30 horas, y, de 19.30 a 23.00 horas.<\/p><p>Cada establecimiento ofertar\u00e1 un m\u00ednimo de\u00a0<strong>dos tapas con una bebida a un precio de 3,50 \u20ac<\/strong><\/p><p>Los clientes podr\u00e1n disfrutar de diferentes tipos de cocina, como la mediterr\u00e1nea y la tradicional de Espa\u00f1a. Pisto con huevo, hojaldre relleno, croquetas de jam\u00f3n, bu\u00f1uelo de rape y gambas, tosta de ensaladilla de lubina son solo algunas de las variadas tapas que ofrecer\u00e1n los establecimientos participantes. La asociaci\u00f3n ha entregado a todos los participantes\u00a0<strong>sombreros y neveras<\/strong>\u00a0para que al igual que anteriores ocasiones, las repartan entre los clientes. Los<strong>\u00a0bares y restaurantes<\/strong>\u00a0son :<\/p><p><a href=\"https:\/\/jaxtorrevieja.com\/\">Jax Torrevieja\u00a0<\/a>\u00b7 \u00a0\u00b7\u00a0<a href=\"https:\/\/www.facebook.com\/lazonatorrevieja\/\">Bar La Zona<\/a>\u00a0\u00b7\u00a0<a href=\"https:\/\/restaurantehbtorrevieja.com\/\">Hostal\/Restaurante HB Torrevieja<\/a>\u00a0\u00b7<a href=\"https:\/\/www.facebook.com\/copasytapaslounge\/?locale=es_ES\">\u00a0Brasa y Tapas<\/a>\u00a0\u00b7\u00a0<a href=\"https:\/\/www.catalinaii.com\/\">Restaurante Catalina II<\/a>\u00a0\u00b7\u00a0<a href=\"https:\/\/www.facebook.com\/people\/La-Cantina-Food-Drinks-Restaurant-Oceanfront\/100063863803317\/\">La Cantina Food &amp; Drinks<\/a>\u00a0\u00b7\u00a0<a href=\"https:\/\/cafeteriachapaprieta.com\/\">Cafeter\u00eda Joaqu\u00edn Chapaprieta<\/a>\u00a0\u00b7\u00a0<a href=\"https:\/\/taperia-el-teatro.negocio.site\/?utm_source=gmb&amp;utm_medium=referral\">Taper\u00eda El Teatro<\/a>\u00a0\u00b7\u00a0<a href=\"https:\/\/www.facebook.com\/Lascolumnasrestaurante\/?locale=es_ES\">Restaurante Las Columnas<\/a>\u00a0\u00b7\u00a0<a href=\"https:\/\/www.restaurantelamata.com\/es\/\">Restaurante La Mata \u201cFelisa\u201d<\/a>\u00a0\u00b7\u00a0<a href=\"https:\/\/restaurantepepe.business.site\/?utm_source=gmb&amp;utm_medium=referral\">Arrocer\u00eda Pepes<\/a>\u00a0\u00b7\u00a0<a href=\"https:\/\/restaurante-botanico.com\/\">Restaurante Bot\u00e1nico<\/a>\u00a0\u00b7\u00a0<a href=\"https:\/\/www.facebook.com\/p\/Casa-Luchy-100068335986245\/\">Casa luchy<\/a>.<\/p><p>Toda la informaci\u00f3n aparecer\u00e1 en nuestras p\u00e1gina web\u00a0<a href=\"https:\/\/www.aehtc.net\/\"><strong>www.aehtc.net\u00a0<\/strong><\/a>y\u00a0<a href=\"https:\/\/www.torreviejagastronomica.com\/\"><strong>www.torreviejagastronomica.com<\/strong><\/a>\u00a0as\u00ed como en las redes sociales:\u00a0<strong><a href=\"https:\/\/www.facebook.com\/TorreviejaGastronomica\">Facebook<\/a>,\u00a0<a href=\"https:\/\/www.instagram.com\/torrevieja_gastronomica\/\">Instagram.<\/a><\/strong><\/p>\t\t\t\t\t\t\t\t<\/div>\n\t\t\t\t<\/div>\n\t\t\t\t\t<\/div>\n\t\t<\/div>\n\t\t\t\t\t<\/div>\n\t\t<\/section>\n\t\t\t\t<\/div>\n\t\t","protected":false},"excerpt":{"rendered":"<p>Eventos International Tapas Day VII EDICI\u00d3N INTERNATIONAL TAPAS DAY IN TORREVIEJA La&nbsp;Asociaci\u00f3n de Empresas de Hosteleria de Torrevieja y Comarca&nbsp;con motivo del&nbsp;D\u00eda Mundial de la Tapa,&nbsp;los restaurantes asociados participantes ofrecen sus mejores tapas. En esta edici\u00f3n participan un total de 13 establecimientos asociados y, tendr\u00e1 lugar el s\u00e1bado 30 de septiembre en horario de 12.00 [&hellip;]<\/p>\n","protected":false},"author":4,"featured_media":3611,"parent":0,"menu_order":0,"comment_status":"closed","ping_status":"closed","template":"elementor_header_footer","meta":{"footnotes":""},"class_list":["post-3619","page","type-page","status-publish","has-post-thumbnail","hentry"],"yoast_head":"<!-- This site is optimized with the Yoast SEO plugin v25.7 - https:\/\/yoast.com\/wordpress\/plugins\/seo\/ -->\n<title>VII Edici\u00f3n International Tapas Day in Torrevieja - Torrevieja Gastron\u00f3mica<\/title>\n<meta name=\"robots\" content=\"index, follow, max-snippet:-1, max-image-preview:large, max-video-preview:-1\" \/>\n<link rel=\"canonical\" href=\"https:\/\/www.torreviejagastronomica.com\/es\/vii-edicion-international-tapas-day-in-torrevieja\/\" \/>\n<meta property=\"og:locale\" content=\"es_ES\" \/>\n<meta property=\"og:type\" content=\"article\" \/>\n<meta property=\"og:title\" content=\"VII Edici\u00f3n International Tapas Day in Torrevieja - Torrevieja Gastron\u00f3mica\" \/>\n<meta property=\"og:description\" content=\"Eventos International Tapas Day VII EDICI\u00d3N INTERNATIONAL TAPAS DAY IN TORREVIEJA La&nbsp;Asociaci\u00f3n de Empresas de Hosteleria de Torrevieja y Comarca&nbsp;con motivo del&nbsp;D\u00eda Mundial de la Tapa,&nbsp;los restaurantes asociados participantes ofrecen sus mejores tapas. En esta edici\u00f3n participan un total de 13 establecimientos asociados y, tendr\u00e1 lugar el s\u00e1bado 30 de septiembre en horario de 12.00 [&hellip;]\" \/>\n<meta property=\"og:url\" content=\"https:\/\/www.torreviejagastronomica.com\/es\/vii-edicion-international-tapas-day-in-torrevieja\/\" \/>\n<meta property=\"og:site_name\" content=\"Torrevieja Gastron\u00f3mica\" \/>\n<meta property=\"article:modified_time\" content=\"2023-09-27T11:00:56+00:00\" \/>\n<meta property=\"og:image\" content=\"https:\/\/www.torreviejagastronomica.com\/wp-content\/uploads\/2023\/09\/international-tapas-day-2023.jpeg\" \/>\n\t<meta property=\"og:image:width\" content=\"282\" \/>\n\t<meta property=\"og:image:height\" content=\"437\" \/>\n\t<meta property=\"og:image:type\" content=\"image\/jpeg\" \/>\n<meta name=\"twitter:card\" content=\"summary_large_image\" \/>\n<meta name=\"twitter:label1\" content=\"Tiempo de lectura\" \/>\n\t<meta name=\"twitter:data1\" content=\"1 minuto\" \/>\n<script type=\"application\/ld+json\" class=\"yoast-schema-graph\">{\"@context\":\"https:\/\/schema.org\",\"@graph\":[{\"@type\":\"WebPage\",\"@id\":\"https:\/\/www.torreviejagastronomica.com\/vii-edicion-international-tapas-day-in-torrevieja\/\",\"url\":\"https:\/\/www.torreviejagastronomica.com\/vii-edicion-international-tapas-day-in-torrevieja\/\",\"name\":\"VII Edici\u00f3n International Tapas Day in Torrevieja - Torrevieja Gastron\u00f3mica\",\"isPartOf\":{\"@id\":\"https:\/\/www.torreviejagastronomica.com\/#website\"},\"primaryImageOfPage\":{\"@id\":\"https:\/\/www.torreviejagastronomica.com\/vii-edicion-international-tapas-day-in-torrevieja\/#primaryimage\"},\"image\":{\"@id\":\"https:\/\/www.torreviejagastronomica.com\/vii-edicion-international-tapas-day-in-torrevieja\/#primaryimage\"},\"thumbnailUrl\":\"https:\/\/www.torreviejagastronomica.com\/wp-content\/uploads\/2023\/09\/international-tapas-day-2023.jpeg\",\"datePublished\":\"2023-09-27T10:33:27+00:00\",\"dateModified\":\"2023-09-27T11:00:56+00:00\",\"breadcrumb\":{\"@id\":\"https:\/\/www.torreviejagastronomica.com\/vii-edicion-international-tapas-day-in-torrevieja\/#breadcrumb\"},\"inLanguage\":\"es\",\"potentialAction\":[{\"@type\":\"ReadAction\",\"target\":[\"https:\/\/www.torreviejagastronomica.com\/vii-edicion-international-tapas-day-in-torrevieja\/\"]}]},{\"@type\":\"ImageObject\",\"inLanguage\":\"es\",\"@id\":\"https:\/\/www.torreviejagastronomica.com\/vii-edicion-international-tapas-day-in-torrevieja\/#primaryimage\",\"url\":\"https:\/\/www.torreviejagastronomica.com\/wp-content\/uploads\/2023\/09\/international-tapas-day-2023.jpeg\",\"contentUrl\":\"https:\/\/www.torreviejagastronomica.com\/wp-content\/uploads\/2023\/09\/international-tapas-day-2023.jpeg\",\"width\":282,\"height\":437,\"caption\":\"7 edici\u00f3n international tapas day\"},{\"@type\":\"BreadcrumbList\",\"@id\":\"https:\/\/www.torreviejagastronomica.com\/vii-edicion-international-tapas-day-in-torrevieja\/#breadcrumb\",\"itemListElement\":[{\"@type\":\"ListItem\",\"position\":1,\"name\":\"Portada\",\"item\":\"https:\/\/www.torreviejagastronomica.com\/\"},{\"@type\":\"ListItem\",\"position\":2,\"name\":\"VII Edici\u00f3n International Tapas Day in Torrevieja\"}]},{\"@type\":\"WebSite\",\"@id\":\"https:\/\/www.torreviejagastronomica.com\/#website\",\"url\":\"https:\/\/www.torreviejagastronomica.com\/\",\"name\":\"Torrevieja Gastron\u00f3mica\",\"description\":\"Asociaci\u00f3n Hosteler\u00eda Torrevieja y Comarca\",\"publisher\":{\"@id\":\"https:\/\/www.torreviejagastronomica.com\/#organization\"},\"potentialAction\":[{\"@type\":\"SearchAction\",\"target\":{\"@type\":\"EntryPoint\",\"urlTemplate\":\"https:\/\/www.torreviejagastronomica.com\/?s={search_term_string}\"},\"query-input\":{\"@type\":\"PropertyValueSpecification\",\"valueRequired\":true,\"valueName\":\"search_term_string\"}}],\"inLanguage\":\"es\"},{\"@type\":\"Organization\",\"@id\":\"https:\/\/www.torreviejagastronomica.com\/#organization\",\"name\":\"Torrevieja Gastron\u00f3mica\",\"url\":\"https:\/\/www.torreviejagastronomica.com\/\",\"logo\":{\"@type\":\"ImageObject\",\"inLanguage\":\"es\",\"@id\":\"https:\/\/www.torreviejagastronomica.com\/#\/schema\/logo\/image\/\",\"url\":\"https:\/\/www.torreviejagastronomica.com\/wp-content\/uploads\/2023\/09\/Logo-Torrevieja-Gastronomica.png\",\"contentUrl\":\"https:\/\/www.torreviejagastronomica.com\/wp-content\/uploads\/2023\/09\/Logo-Torrevieja-Gastronomica.png\",\"width\":350,\"height\":100,\"caption\":\"Torrevieja Gastron\u00f3mica\"},\"image\":{\"@id\":\"https:\/\/www.torreviejagastronomica.com\/#\/schema\/logo\/image\/\"}}]}<\/script>\n<!-- \/ Yoast SEO plugin. -->","yoast_head_json":{"title":"VII Edici\u00f3n International Tapas Day in Torrevieja - Torrevieja Gastron\u00f3mica","robots":{"index":"index","follow":"follow","max-snippet":"max-snippet:-1","max-image-preview":"max-image-preview:large","max-video-preview":"max-video-preview:-1"},"canonical":"https:\/\/www.torreviejagastronomica.com\/es\/vii-edicion-international-tapas-day-in-torrevieja\/","og_locale":"es_ES","og_type":"article","og_title":"VII Edici\u00f3n International Tapas Day in Torrevieja - Torrevieja Gastron\u00f3mica","og_description":"Eventos International Tapas Day VII EDICI\u00d3N INTERNATIONAL TAPAS DAY IN TORREVIEJA La&nbsp;Asociaci\u00f3n de Empresas de Hosteleria de Torrevieja y Comarca&nbsp;con motivo del&nbsp;D\u00eda Mundial de la Tapa,&nbsp;los restaurantes asociados participantes ofrecen sus mejores tapas. En esta edici\u00f3n participan un total de 13 establecimientos asociados y, tendr\u00e1 lugar el s\u00e1bado 30 de septiembre en horario de 12.00 [&hellip;]","og_url":"https:\/\/www.torreviejagastronomica.com\/es\/vii-edicion-international-tapas-day-in-torrevieja\/","og_site_name":"Torrevieja Gastron\u00f3mica","article_modified_time":"2023-09-27T11:00:56+00:00","og_image":[{"width":282,"height":437,"url":"https:\/\/www.torreviejagastronomica.com\/wp-content\/uploads\/2023\/09\/international-tapas-day-2023.jpeg","type":"image\/jpeg"}],"twitter_card":"summary_large_image","twitter_misc":{"Tiempo de lectura":"1 minuto"},"schema":{"@context":"https:\/\/schema.org","@graph":[{"@type":"WebPage","@id":"https:\/\/www.torreviejagastronomica.com\/vii-edicion-international-tapas-day-in-torrevieja\/","url":"https:\/\/www.torreviejagastronomica.com\/vii-edicion-international-tapas-day-in-torrevieja\/","name":"VII Edici\u00f3n International Tapas Day in Torrevieja - Torrevieja Gastron\u00f3mica","isPartOf":{"@id":"https:\/\/www.torreviejagastronomica.com\/#website"},"primaryImageOfPage":{"@id":"https:\/\/www.torreviejagastronomica.com\/vii-edicion-international-tapas-day-in-torrevieja\/#primaryimage"},"image":{"@id":"https:\/\/www.torreviejagastronomica.com\/vii-edicion-international-tapas-day-in-torrevieja\/#primaryimage"},"thumbnailUrl":"https:\/\/www.torreviejagastronomica.com\/wp-content\/uploads\/2023\/09\/international-tapas-day-2023.jpeg","datePublished":"2023-09-27T10:33:27+00:00","dateModified":"2023-09-27T11:00:56+00:00","breadcrumb":{"@id":"https:\/\/www.torreviejagastronomica.com\/vii-edicion-international-tapas-day-in-torrevieja\/#breadcrumb"},"inLanguage":"es","potentialAction":[{"@type":"ReadAction","target":["https:\/\/www.torreviejagastronomica.com\/vii-edicion-international-tapas-day-in-torrevieja\/"]}]},{"@type":"ImageObject","inLanguage":"es","@id":"https:\/\/www.torreviejagastronomica.com\/vii-edicion-international-tapas-day-in-torrevieja\/#primaryimage","url":"https:\/\/www.torreviejagastronomica.com\/wp-content\/uploads\/2023\/09\/international-tapas-day-2023.jpeg","contentUrl":"https:\/\/www.torreviejagastronomica.com\/wp-content\/uploads\/2023\/09\/international-tapas-day-2023.jpeg","width":282,"height":437,"caption":"7 edici\u00f3n international tapas day"},{"@type":"BreadcrumbList","@id":"https:\/\/www.torreviejagastronomica.com\/vii-edicion-international-tapas-day-in-torrevieja\/#breadcrumb","itemListElement":[{"@type":"ListItem","position":1,"name":"Portada","item":"https:\/\/www.torreviejagastronomica.com\/"},{"@type":"ListItem","position":2,"name":"VII Edici\u00f3n International Tapas Day in Torrevieja"}]},{"@type":"WebSite","@id":"https:\/\/www.torreviejagastronomica.com\/#website","url":"https:\/\/www.torreviejagastronomica.com\/","name":"Torrevieja Gastron\u00f3mica","description":"Asociaci\u00f3n Hosteler\u00eda Torrevieja y Comarca","publisher":{"@id":"https:\/\/www.torreviejagastronomica.com\/#organization"},"potentialAction":[{"@type":"SearchAction","target":{"@type":"EntryPoint","urlTemplate":"https:\/\/www.torreviejagastronomica.com\/?s={search_term_string}"},"query-input":{"@type":"PropertyValueSpecification","valueRequired":true,"valueName":"search_term_string"}}],"inLanguage":"es"},{"@type":"Organization","@id":"https:\/\/www.torreviejagastronomica.com\/#organization","name":"Torrevieja Gastron\u00f3mica","url":"https:\/\/www.torreviejagastronomica.com\/","logo":{"@type":"ImageObject","inLanguage":"es","@id":"https:\/\/www.torreviejagastronomica.com\/#\/schema\/logo\/image\/","url":"https:\/\/www.torreviejagastronomica.com\/wp-content\/uploads\/2023\/09\/Logo-Torrevieja-Gastronomica.png","contentUrl":"https:\/\/www.torreviejagastronomica.com\/wp-content\/uploads\/2023\/09\/Logo-Torrevieja-Gastronomica.png","width":350,"height":100,"caption":"Torrevieja Gastron\u00f3mica"},"image":{"@id":"https:\/\/www.torreviejagastronomica.com\/#\/schema\/logo\/image\/"}}]}},"_links":{"self":[{"href":"https:\/\/www.torreviejagastronomica.com\/es\/wp-json\/wp\/v2\/pages\/3619","targetHints":{"allow":["GET"]}}],"collection":[{"href":"https:\/\/www.torreviejagastronomica.com\/es\/wp-json\/wp\/v2\/pages"}],"about":[{"href":"https:\/\/www.torreviejagastronomica.com\/es\/wp-json\/wp\/v2\/types\/page"}],"author":[{"embeddable":true,"href":"https:\/\/www.torreviejagastronomica.com\/es\/wp-json\/wp\/v2\/users\/4"}],"replies":[{"embeddable":true,"href":"https:\/\/www.torreviejagastronomica.com\/es\/wp-json\/wp\/v2\/comments?post=3619"}],"version-history":[{"count":37,"href":"https:\/\/www.torreviejagastronomica.com\/es\/wp-json\/wp\/v2\/pages\/3619\/revisions"}],"predecessor-version":[{"id":3688,"href":"https:\/\/www.torreviejagastronomica.com\/es\/wp-json\/wp\/v2\/pages\/3619\/revisions\/3688"}],"wp:featuredmedia":[{"embeddable":true,"href":"https:\/\/www.torreviejagastronomica.com\/es\/wp-json\/wp\/v2\/media\/3611"}],"wp:attachment":[{"href":"https:\/\/www.torreviejagastronomica.com\/es\/wp-json\/wp\/v2\/media?parent=3619"}],"curies":[{"name":"wp","href":"https:\/\/api.w.org\/{rel}","templated":true}]}}