{"version":"1.0","provider_name":"Torrevieja Gastron\u00f3mica","provider_url":"https:\/\/www.torreviejagastronomica.com\/es","author_name":"Asociaci\u00f3n de Empresas de Hosteler\u00eda de Torrevieja y Comarca","author_url":"https:\/\/www.torreviejagastronomica.com\/es\/author\/hosteleria\/","title":"ABIERTO EL PLAZO DE INSCRIPCI\u00d3N PARA PARTICIPAR EN - Torrevieja Gastron\u00f3mica","type":"rich","width":600,"height":338,"html":"<blockquote class=\"wp-embedded-content\" data-secret=\"XlDsmjw6LA\"><a href=\"https:\/\/www.torreviejagastronomica.com\/es\/abierto-el-plazo-de-inscripcion-para-participar-en\/\">ABIERTO EL PLAZO DE INSCRIPCI\u00d3N PARA PARTICIPAR EN<\/a><\/blockquote><iframe sandbox=\"allow-scripts\" security=\"restricted\" src=\"https:\/\/www.torreviejagastronomica.com\/es\/abierto-el-plazo-de-inscripcion-para-participar-en\/embed\/#?secret=XlDsmjw6LA\" width=\"600\" height=\"338\" title=\"\u00abABIERTO EL PLAZO DE INSCRIPCI\u00d3N PARA PARTICIPAR EN\u00bb \u2014 Torrevieja Gastron\u00f3mica\" data-secret=\"XlDsmjw6LA\" frameborder=\"0\" marginwidth=\"0\" marginheight=\"0\" scrolling=\"no\" class=\"wp-embedded-content\"><\/iframe><script>\n\/*! This file is auto-generated *\/\n!function(d,l){\"use strict\";l.querySelector&&d.addEventListener&&\"undefined\"!=typeof URL&&(d.wp=d.wp||{},d.wp.receiveEmbedMessage||(d.wp.receiveEmbedMessage=function(e){var t=e.data;if((t||t.secret||t.message||t.value)&&!\/[^a-zA-Z0-9]\/.test(t.secret)){for(var s,r,n,a=l.querySelectorAll('iframe[data-secret=\"'+t.secret+'\"]'),o=l.querySelectorAll('blockquote[data-secret=\"'+t.secret+'\"]'),c=new RegExp(\"^https?:$\",\"i\"),i=0;i<o.length;i++)o[i].style.display=\"none\";for(i=0;i<a.length;i++)s=a[i],e.source===s.contentWindow&&(s.removeAttribute(\"style\"),\"height\"===t.message?(1e3<(r=parseInt(t.value,10))?r=1e3:~~r<200&&(r=200),s.height=r):\"link\"===t.message&&(r=new URL(s.getAttribute(\"src\")),n=new URL(t.value),c.test(n.protocol))&&n.host===r.host&&l.activeElement===s&&(d.top.location.href=t.value))}},d.addEventListener(\"message\",d.wp.receiveEmbedMessage,!1),l.addEventListener(\"DOMContentLoaded\",function(){for(var e,t,s=l.querySelectorAll(\"iframe.wp-embedded-content\"),r=0;r<s.length;r++)(t=(e=s[r]).getAttribute(\"data-secret\"))||(t=Math.random().toString(36).substring(2,12),e.src+=\"#?secret=\"+t,e.setAttribute(\"data-secret\",t)),e.contentWindow.postMessage({message:\"ready\",secret:t},\"*\")},!1)))}(window,document);\n<\/script>\n","thumbnail_url":"https:\/\/www.torreviejagastronomica.com\/wp-content\/uploads\/2023\/08\/CARTEL-PROMOCION-INSCRIPCION.jpg","thumbnail_width":1750,"thumbnail_height":723,"description":"INTERNATIONAL TAPAS DAY 2023 Nos complace comunicaros de la celebraci\u00f3n de una nueva edici\u00f3n de INTERNATIONAL TAPAS DAY IN TORREVIEJA, que tendr\u00e1 lugar el s\u00e1bado 30 de septiembre en horario de ma\u00f1ana y noche (12.00 a 16.30 y de 19.30 a 23.00). Como en anteriores ediciones se distribuir\u00e1 entre los establecimientos interesados en participar, un [&hellip;]"}